{"id":168,"date":"2023-10-31T15:39:24","date_gmt":"2023-10-31T15:39:24","guid":{"rendered":"https:\/\/med-econ.eu\/?page_id=168"},"modified":"2025-01-04T15:05:56","modified_gmt":"2025-01-04T15:05:56","slug":"referenciak","status":"publish","type":"page","link":"https:\/\/med-econ.eu\/en\/referenciak\/","title":{"rendered":"References"},"content":{"rendered":"<div data-elementor-type=\"wp-page\" data-elementor-id=\"168\" class=\"elementor elementor-168\" data-elementor-post-type=\"page\">\n\t\t\t\t<div class=\"elementor-element elementor-element-c4f50c0 e-flex e-con-boxed e-con e-parent\" data-id=\"c4f50c0\" data-element_type=\"container\" data-settings=\"{&quot;background_background&quot;:&quot;classic&quot;}\">\n\t\t\t\t\t<div class=\"e-con-inner\">\n\t\t\t\t<div class=\"elementor-element elementor-element-1003f3b elementor-invisible elementor-widget elementor-widget-heading\" data-id=\"1003f3b\" data-element_type=\"widget\" data-settings=\"{&quot;_animation&quot;:&quot;fadeIn&quot;}\" data-widget_type=\"heading.default\">\n\t\t\t\t<div class=\"elementor-widget-container\">\n\t\t\t<style>\/*! elementor - v3.21.0 - 26-05-2024 *\/\n.elementor-heading-title{padding:0;margin:0;line-height:1}.elementor-widget-heading .elementor-heading-title[class*=elementor-size-]>a{color:inherit;font-size:inherit;line-height:inherit}.elementor-widget-heading .elementor-heading-title.elementor-size-small{font-size:15px}.elementor-widget-heading .elementor-heading-title.elementor-size-medium{font-size:19px}.elementor-widget-heading .elementor-heading-title.elementor-size-large{font-size:29px}.elementor-widget-heading .elementor-heading-title.elementor-size-xl{font-size:39px}.elementor-widget-heading .elementor-heading-title.elementor-size-xxl{font-size:59px}<\/style><h1 class=\"elementor-heading-title elementor-size-default\">References<\/h1>\t\t<\/div>\n\t\t\t\t<\/div>\n\t\t\t\t<div class=\"elementor-element elementor-element-c3832a2 elementor-widget__width-initial elementor-invisible elementor-widget elementor-widget-text-editor\" data-id=\"c3832a2\" data-element_type=\"widget\" data-settings=\"{&quot;_animation&quot;:&quot;fadeIn&quot;,&quot;_animation_delay&quot;:300}\" data-widget_type=\"text-editor.default\">\n\t\t\t\t<div class=\"elementor-widget-container\">\n\t\t\t<style>\/*! elementor - v3.21.0 - 26-05-2024 *\/\n.elementor-widget-text-editor.elementor-drop-cap-view-stacked .elementor-drop-cap{background-color:#69727d;color:#fff}.elementor-widget-text-editor.elementor-drop-cap-view-framed .elementor-drop-cap{color:#69727d;border:3px solid;background-color:transparent}.elementor-widget-text-editor:not(.elementor-drop-cap-view-default) .elementor-drop-cap{margin-top:8px}.elementor-widget-text-editor:not(.elementor-drop-cap-view-default) .elementor-drop-cap-letter{width:1em;height:1em}.elementor-widget-text-editor .elementor-drop-cap{float:left;text-align:center;line-height:1;font-size:50px}.elementor-widget-text-editor .elementor-drop-cap-letter{display:inline-block}<\/style>\t\t\t\t<p>Innovative solution for today and tomorrow<\/p>\t\t\t\t\t\t<\/div>\n\t\t\t\t<\/div>\n\t\t\t\t<div class=\"elementor-element elementor-element-bc8e4cd elementor-fixed animated-slow elementor-hidden-mobile elementor-view-default elementor-invisible elementor-widget elementor-widget-icon\" data-id=\"bc8e4cd\" data-element_type=\"widget\" data-settings=\"{&quot;_position&quot;:&quot;fixed&quot;,&quot;_animation&quot;:&quot;fadeIn&quot;,&quot;_animation_delay&quot;:1800}\" data-widget_type=\"icon.default\">\n\t\t\t\t<div class=\"elementor-widget-container\">\n\t\t\t\t\t<div class=\"elementor-icon-wrapper\">\n\t\t\t<a class=\"elementor-icon elementor-animation-grow\" href=\"#elementor-action:action=popup:open&settings=eyJpZCI6MzA4LCJ0b2dnbGUiOmZhbHNlfQ==\">\n\t\t\t<svg xmlns=\"http:\/\/www.w3.org\/2000\/svg\" viewbox=\"0 0 70 70\"><path fill-rule=\"evenodd\" clip-rule=\"evenodd\" d=\"M27.862 29.5h14.786c.752 0 1.362.61 1.362 1.362v.361l-8.909 3.62-8.601-3.494v-.487c0-.752.61-1.362 1.362-1.362ZM26.5 32.968v7.17c0 .752.61 1.362 1.362 1.362h14.786c.752 0 1.362-.61 1.362-1.362v-7.296l-8.627 3.505-.282.115-.282-.115-8.319-3.38ZM25 30.862A2.862 2.862 0 0 1 27.862 28h14.786a2.862 2.862 0 0 1 2.862 2.862v9.276A2.862 2.862 0 0 1 42.648 43H27.862A2.862 2.862 0 0 1 25 40.138v-9.276Z\"><\/path><\/svg>\t\t\t<\/a>\n\t\t<\/div>\n\t\t\t\t<\/div>\n\t\t\t\t<\/div>\n\t\t\t\t\t<\/div>\n\t\t\t\t<\/div>\n\t\t<div class=\"elementor-element elementor-element-e5dd5bc e-flex e-con-boxed e-con e-parent\" data-id=\"e5dd5bc\" data-element_type=\"container\" data-settings=\"{&quot;background_background&quot;:&quot;gradient&quot;}\">\n\t\t\t\t\t<div class=\"e-con-inner\">\n\t\t<div class=\"elementor-element elementor-element-ed64e40 e-con-full e-flex e-con e-child\" data-id=\"ed64e40\" data-element_type=\"container\">\n\t\t\t\t<div class=\"elementor-element elementor-element-2245f08 elementor-widget elementor-widget-counter\" data-id=\"2245f08\" data-element_type=\"widget\" data-widget_type=\"counter.default\">\n\t\t\t\t<div class=\"elementor-widget-container\">\n\t\t\t<style>\/*! elementor - v3.21.0 - 26-05-2024 *\/\n.elementor-counter{display:flex;justify-content:center;align-items:stretch;flex-direction:column-reverse}.elementor-counter .elementor-counter-number{flex-grow:var(--counter-number-grow,0)}.elementor-counter .elementor-counter-number-wrapper{flex:1;display:flex;font-size:69px;font-weight:600;line-height:1;text-align:center}.elementor-counter .elementor-counter-number-prefix{text-align:end;flex-grow:var(--counter-prefix-grow,1);white-space:pre-wrap}.elementor-counter .elementor-counter-number-suffix{text-align:start;flex-grow:var(--counter-suffix-grow,1);white-space:pre-wrap}.elementor-counter .elementor-counter-title{flex:1;display:flex;justify-content:center;align-items:center;margin:0;padding:0;font-size:19px;font-weight:400;line-height:2.5}<\/style>\t\t<div class=\"elementor-counter\">\n\t\t\t<div class=\"elementor-counter-title\">Partners<\/div>\t\t\t<div class=\"elementor-counter-number-wrapper\">\n\t\t\t\t<span class=\"elementor-counter-number-prefix\"><\/span>\n\t\t\t\t<span class=\"elementor-counter-number\" data-duration=\"2000\" data-to-value=\"60\" data-from-value=\"0\" data-delimiter=\",\">0<\/span>\n\t\t\t\t<span class=\"elementor-counter-number-suffix\">+<\/span>\n\t\t\t<\/div>\n\t\t<\/div>\n\t\t\t\t<\/div>\n\t\t\t\t<\/div>\n\t\t\t\t<\/div>\n\t\t<div class=\"elementor-element elementor-element-0b28980 e-con-full e-flex e-con e-child\" data-id=\"0b28980\" data-element_type=\"container\">\n\t\t\t\t<div class=\"elementor-element elementor-element-4d4903d elementor-widget elementor-widget-counter\" data-id=\"4d4903d\" data-element_type=\"widget\" data-widget_type=\"counter.default\">\n\t\t\t\t<div class=\"elementor-widget-container\">\n\t\t\t\t\t<div class=\"elementor-counter\">\n\t\t\t<div class=\"elementor-counter-title\">Funding Awarder<\/div>\t\t\t<div class=\"elementor-counter-number-wrapper\">\n\t\t\t\t<span class=\"elementor-counter-number-prefix\"><\/span>\n\t\t\t\t<span class=\"elementor-counter-number\" data-duration=\"2000\" data-to-value=\"25\" data-from-value=\"\" data-delimiter=\",\"><\/span>\n\t\t\t\t<span class=\"elementor-counter-number-suffix\"> billion<\/span>\n\t\t\t<\/div>\n\t\t<\/div>\n\t\t\t\t<\/div>\n\t\t\t\t<\/div>\n\t\t\t\t<\/div>\n\t\t<div class=\"elementor-element elementor-element-17b3b7e e-con-full e-flex e-con e-child\" data-id=\"17b3b7e\" data-element_type=\"container\">\n\t\t\t\t<div class=\"elementor-element elementor-element-99a91e5 elementor-widget elementor-widget-counter\" data-id=\"99a91e5\" data-element_type=\"widget\" data-widget_type=\"counter.default\">\n\t\t\t\t<div class=\"elementor-widget-container\">\n\t\t\t\t\t<div class=\"elementor-counter\">\n\t\t\t<div class=\"elementor-counter-title\">Tenders<\/div>\t\t\t<div class=\"elementor-counter-number-wrapper\">\n\t\t\t\t<span class=\"elementor-counter-number-prefix\"><\/span>\n\t\t\t\t<span class=\"elementor-counter-number\" data-duration=\"2000\" data-to-value=\"80\" data-from-value=\"\" data-delimiter=\",\"><\/span>\n\t\t\t\t<span class=\"elementor-counter-number-suffix\"> +<\/span>\n\t\t\t<\/div>\n\t\t<\/div>\n\t\t\t\t<\/div>\n\t\t\t\t<\/div>\n\t\t\t\t<\/div>\n\t\t\t\t\t<\/div>\n\t\t\t\t<\/div>\n\t\t<div class=\"elementor-element elementor-element-0c7fc81 e-flex e-con-boxed e-con e-parent\" data-id=\"0c7fc81\" data-element_type=\"container\">\n\t\t\t\t\t<div class=\"e-con-inner\">\n\t\t\t\t<div class=\"elementor-element elementor-element-f7c4e8f elementor-widget elementor-widget-html\" data-id=\"f7c4e8f\" data-element_type=\"widget\" data-widget_type=\"html.default\">\n\t\t\t\t<div class=\"elementor-widget-container\">\n\t\t\t<iframe src=\"https:\/\/www.google.com\/maps\/d\/u\/0\/embed?mid=11mcxrL_0HX7afhyS3qfx1XEPa88tAOw&ehbc=2E312F&noprof=1\" width=\"640\" height=\"480\"><\/iframe>\t\t<\/div>\n\t\t\t\t<\/div>\n\t\t\t\t\t<\/div>\n\t\t\t\t<\/div>\n\t\t<div class=\"elementor-element elementor-element-5ca62e7 e-flex e-con-boxed e-con e-parent\" data-id=\"5ca62e7\" data-element_type=\"container\">\n\t\t\t\t\t<div class=\"e-con-inner\">\n\t\t<div class=\"elementor-element elementor-element-814b237 e-con-full e-flex e-con e-child\" data-id=\"814b237\" data-element_type=\"container\">\n\t\t\t\t<div class=\"elementor-element elementor-element-9966e74 elementor-widget elementor-widget-counter\" data-id=\"9966e74\" data-element_type=\"widget\" data-widget_type=\"counter.default\">\n\t\t\t\t<div class=\"elementor-widget-container\">\n\t\t\t\t\t<div class=\"elementor-counter\">\n\t\t\t\t\t\t<div class=\"elementor-counter-number-wrapper\">\n\t\t\t\t<span class=\"elementor-counter-number-prefix\"><\/span>\n\t\t\t\t<span class=\"elementor-counter-number\" data-duration=\"2000\" data-to-value=\"70\" data-from-value=\"\" data-delimiter=\",\"><\/span>\n\t\t\t\t<span class=\"elementor-counter-number-suffix\">+<\/span>\n\t\t\t<\/div>\n\t\t<\/div>\n\t\t\t\t<\/div>\n\t\t\t\t<\/div>\n\t\t\t\t<div class=\"elementor-element elementor-element-32dd8e2 elementor-widget elementor-widget-heading\" data-id=\"32dd8e2\" data-element_type=\"widget\" data-widget_type=\"heading.default\">\n\t\t\t\t<div class=\"elementor-widget-container\">\n\t\t\t<h2 class=\"elementor-heading-title elementor-size-default\">Reference<\/h2>\t\t<\/div>\n\t\t\t\t<\/div>\n\t\t\t\t<div class=\"elementor-element elementor-element-c18cbcf elementor-widget__width-initial elementor-widget-tablet__width-inherit elementor-widget elementor-widget-toggle\" data-id=\"c18cbcf\" data-element_type=\"widget\" data-widget_type=\"toggle.default\">\n\t\t\t\t<div class=\"elementor-widget-container\">\n\t\t\t<style>\/*! elementor - v3.21.0 - 26-05-2024 *\/\n.elementor-toggle{text-align:start}.elementor-toggle .elementor-tab-title{font-weight:700;line-height:1;margin:0;padding:15px;border-bottom:1px solid #d5d8dc;cursor:pointer;outline:none}.elementor-toggle .elementor-tab-title .elementor-toggle-icon{display:inline-block;width:1em}.elementor-toggle .elementor-tab-title .elementor-toggle-icon svg{margin-inline-start:-5px;width:1em;height:1em}.elementor-toggle .elementor-tab-title .elementor-toggle-icon.elementor-toggle-icon-right{float:right;text-align:right}.elementor-toggle .elementor-tab-title .elementor-toggle-icon.elementor-toggle-icon-left{float:left;text-align:left}.elementor-toggle .elementor-tab-title .elementor-toggle-icon .elementor-toggle-icon-closed{display:block}.elementor-toggle .elementor-tab-title .elementor-toggle-icon .elementor-toggle-icon-opened{display:none}.elementor-toggle .elementor-tab-title.elementor-active{border-bottom:none}.elementor-toggle .elementor-tab-title.elementor-active .elementor-toggle-icon-closed{display:none}.elementor-toggle .elementor-tab-title.elementor-active .elementor-toggle-icon-opened{display:block}.elementor-toggle .elementor-tab-content{padding:15px;border-bottom:1px solid #d5d8dc;display:none}@media (max-width:767px){.elementor-toggle .elementor-tab-title{padding:12px}.elementor-toggle .elementor-tab-content{padding:12px 10px}}.e-con-inner>.elementor-widget-toggle,.e-con>.elementor-widget-toggle{width:var(--container-widget-width);--flex-grow:var(--container-widget-flex-grow)}<\/style>\t\t<div class=\"elementor-toggle\">\n\t\t\t\t\t\t\t<div class=\"elementor-toggle-item\">\n\t\t\t\t\t<h5 id=\"elementor-tab-title-2021\" class=\"elementor-tab-title\" data-tab=\"1\" role=\"button\" aria-controls=\"elementor-tab-content-2021\" aria-expanded=\"false\">\n\t\t\t\t\t\t\t\t\t\t\t\t<span class=\"elementor-toggle-icon elementor-toggle-icon-right\" aria-hidden=\"true\">\n\t\t\t\t\t\t\t\t\t\t\t\t\t\t\t<span class=\"elementor-toggle-icon-closed\"><svg xmlns=\"http:\/\/www.w3.org\/2000\/svg\" viewbox=\"0 0 12 14\"><path fill-rule=\"evenodd\" clip-rule=\"evenodd\" d=\"M11.304 8.757 6.53 13.53a.75.75 0 0 1-1.06 0L.696 8.757a.75.75 0 1 1 1.06-1.06l3.493 3.492V0h1.5v11.19l3.493-3.493a.75.75 0 0 1 1.06 1.06Z\"><\/path><\/svg><\/span>\n\t\t\t\t\t\t\t\t<span class=\"elementor-toggle-icon-opened\"><svg xmlns=\"http:\/\/www.w3.org\/2000\/svg\" viewbox=\"0 0 12 14\"><path fill-rule=\"evenodd\" clip-rule=\"evenodd\" d=\"M.22 4.993 4.993.22a.75.75 0 0 1 1.06 0l4.773 4.773a.75.75 0 1 1-1.06 1.06L6.273 2.561V13.75h-1.5V2.56L1.28 6.054a.75.75 0 0 1-1.06-1.06Z\"><\/path><\/svg><\/span>\n\t\t\t\t\t\t\t\t\t\t\t\t\t<\/span>\n\t\t\t\t\t\t\t\t\t\t\t\t<a class=\"elementor-toggle-title\" tabindex=\"0\">European Union and domestic tenders<\/a>\n\t\t\t\t\t<\/h5>\n\n\t\t\t\t\t<div id=\"elementor-tab-content-2021\" class=\"elementor-tab-content elementor-clearfix\" data-tab=\"1\" role=\"region\" aria-labelledby=\"elementor-tab-title-2021\"><ul class=\"font_8 wixui-rich-text__text\"><li><p>2024. m\u00e1jus \u2013 j\u00falius Procareful projekt, Interreg Central Europe<\/p><\/li><\/ul><p>D2.1.3 &#8211; Report for procareful Model Dissemination \u2013 disszemin\u00e1ci\u00f3 \u00e9s kommunik\u00e1ci\u00f3s terv kidolgoz\u00e1sa. Procareful project: ICT platforms development for Elderly people.<\/p><p>\u00a0<\/p><ul class=\"font_8 wixui-rich-text__text\"><li><p>2023. okt\u00f3ber \u2013 2024. m\u00e1rcius DIMOP Plusz-1.3.12-23<\/p><\/li><\/ul><p>K\u00f6lts\u00e9g-haszon (cost-benefit) elemz\u00e9s kidolgoz\u00e1sa a projekthez: Az evidencia-alap\u00fa eg\u00e9szs\u00e9g\u00fcgyi-korm\u00e1nyzati d\u00f6nt\u00e9shozatalt, valamint az ehhez kapcsol\u00f3d\u00f3 adatvagyon \u00e9s inform\u00e1ci\u00f3inak kiakn\u00e1z\u00e1s\u00e1t szolg\u00e1l\u00f3 fejleszt\u00e9sek.<\/p><p>\u00a0<\/p><ul class=\"font_8 wixui-rich-text__text\"><li class=\"wixui-rich-text__text\"><p><span class=\"wixui-rich-text__text\">2021-2022 &#8211; EFOP-2.2.19-17<\/span><\/p><\/li><\/ul><p class=\"font_8 wixui-rich-text__text\"><span class=\"wixui-rich-text__text\">Az EFOP-2.2.19-17 k\u00f3dsz\u00e1m\u00fa felh\u00edv\u00e1shoz kapcsol\u00f3d\u00f3an a J\u00e1r\u00f3beteg szakell\u00e1t\u00f3 szolg\u00e1ltat\u00e1sok fejleszt\u00e9se a<\/span>\u00a0<span class=\"wixui-rich-text__text\">Zalaegerszegi Szent Rafael megyei k\u00f3rh\u00e1zban, a Par\u00e1df\u00fcrd\u0151i \u00c1llami K\u00f3rh\u00e1zban \u00e9s a Dombi S\u00e1muel Kist\u00e9rs\u00e9gi Eg\u00e9szs\u00e9gk\u00f6zpontban.<\/span><\/p><p class=\"font_8 wixui-rich-text__text\"><span class=\"wixui-rich-text__text\"><span class=\"wixGuard wixui-rich-text__text\">\u200b<\/span><\/span><\/p><ul class=\"font_8 wixui-rich-text__text\"><li class=\"wixui-rich-text__text\"><p class=\"font_8 wixui-rich-text__text\"><span class=\"wixui-rich-text__text\">2019\u00a0 &#8211; EMMI<\/span><\/p><\/li><\/ul><p class=\"font_8 wixui-rich-text__text\"><span class=\"wixui-rich-text__text\">\u00a0Ha\u0301rom genera\u0301cio\u0301val az ege\u0301szse\u0301ge\u0301rt program I. \u00e9s II. Az eg\u00e9szs\u00e9g\u00fcgyi alapell\u00e1t\u00e1s fejleszt\u00e9s\u00e9t, valamint az alapell\u00e1t\u00e1sban r\u00e9sztvev\u0151 szerepl\u0151k egy\u00fcttm\u0171k\u00f6d\u00e9s\u00e9t \u00e1ll\u00edtja k\u00f6zpontba, bevonva ugyanakkor a szakell\u00e1t\u00e1st, az Eg\u00e9szs\u00e9gfejleszt\u00e9si Irod\u00e1kat, valamint a ter\u00fcleti \u00e9s telep\u00fcl\u00e9si \u00f6nkorm\u00e1nyzatokat: Zugl\u00f3, Ny\u00edregyh\u00e1za, S\u00e1toralja\u00fajhely, Esztergom, Tokaj<\/span><\/p><p class=\"font_8 wixui-rich-text__text\"><span class=\"wixui-rich-text__text\"><span class=\"wixGuard wixui-rich-text__text\">\u200b<\/span><\/span><\/p><ul class=\"font_8 wixui-rich-text__text\"><li class=\"wixui-rich-text__text\"><p class=\"font_8 wixui-rich-text__text\"><span class=\"wixui-rich-text__text\">2017-2018 &#8211; \u00a0EFOP-1.8.19-17 \u00e9s VEKOP-7.2.2-17<\/span><\/p><\/li><\/ul><p class=\"font_8 wixui-rich-text__text\"><span class=\"wixui-rich-text__text\">Az alapell\u00e1t\u00e1s \u00e9s n\u00e9peg\u00e9szs\u00e9g\u00fcgy rendszer\u00e9nek \u00e1tfog\u00f3 fejleszt\u00e9se \u2013 n\u00e9peg\u00e9szs\u00e9g\u00fcgy helyi kapacit\u00e1s fejleszt\u00e9se. Eg\u00e9szs\u00e9gfejleszt\u00e9si Irod\u00e1k kialak\u00edt\u00e1sa: Szentendre, \u00dajpest, Zugl\u00f3. Lelki Eg\u00e9szs\u00e9gk\u00f6zpontok kialak\u00edt\u00e1sa: Tokaj, Par\u00e1df\u00fcrd\u0151<\/span><\/p><p class=\"font_8 wixui-rich-text__text\"><span class=\"wixui-rich-text__text\"><span class=\"wixGuard wixui-rich-text__text\">\u200b<\/span><\/span><\/p><ul class=\"font_8 wixui-rich-text__text\"><li class=\"wixui-rich-text__text\"><p class=\"font_8 wixui-rich-text__text\"><span class=\"wixui-rich-text__text\">2017-2018 &#8211;\u00a0 EFOP-1.8.2-17 \u00e9s VEKOP-7.2.3-17<\/span><\/p><\/li><\/ul><p class=\"font_8 wixui-rich-text__text\"><span class=\"wixui-rich-text__text\">Az alapell\u00e1t\u00e1s \u00e9s n\u00e9peg\u00e9szs\u00e9g\u00fcgy rendszer\u00e9nek \u00e1tfog\u00f3 fejleszt\u00e9se \u2013 alapell\u00e1t\u00e1s fejleszt\u00e9se. Praxisk\u00f6z\u00f6ss\u00e9gek kialak\u00edt\u00e1sa: C\u00edvis Praxisk\u00f6z\u00f6ss\u00e9g, Kis-Duna Menti Praxisk\u00f6z\u00f6ss\u00e9g, R\u00e1ckevei J\u00e1r\u00e1si Praxisk\u00f6z\u00f6ss\u00e9g, Szentendre \u00e9s Vid\u00e9ke Praxisk\u00f6z\u00f6ss\u00e9g. Hern\u00e1d Vid\u00e9ke Praxisk\u00f6z\u00f6ss\u00e9g, Dunakanyar Praxisk\u00f6z\u00f6ss\u00e9g<\/span><\/p><p class=\"font_8 wixui-rich-text__text\"><span class=\"wixui-rich-text__text\"><span class=\"wixGuard wixui-rich-text__text\">\u200b<\/span><\/span><\/p><ul class=\"font_8 wixui-rich-text__text\"><li class=\"wixui-rich-text__text\"><p class=\"font_8 wixui-rich-text__text\"><span class=\"wixui-rich-text__text\">2013-2015 &#8211; T\u00c1MOP-6.1.2\/11\/3<\/span><\/p><\/li><\/ul><p class=\"font_8 wixui-rich-text__text\"><span class=\"wixui-rich-text__text\">Eg\u00e9szs\u00e9gre nevel\u0151 \u00e9s szeml\u00e9letform\u00e1l\u00f3 \u00e9letm\u00f3dprogramok a kist\u00e9rs\u00e9gekben. Eg\u00e9szs\u00e9gfejleszt\u00e9si Irod\u00e1k kialak\u00edt\u00e1sa<\/span>\u200b\u200b<\/p><p class=\"font_8 wixui-rich-text__text\"><span class=\"wixui-rich-text__text\"><span class=\"wixGuard wixui-rich-text__text\">\u200b<\/span><\/span><\/p><ul class=\"font_8 wixui-rich-text__text\"><li class=\"wixui-rich-text__text\"><p class=\"font_8 wixui-rich-text__text\"><span class=\"wixui-rich-text__text\">2012-2014 &#8211; TIOP-2.2.2\/C\/10\/1<\/span><\/p><\/li><\/ul><p class=\"font_8 wixui-rich-text__text\"><span class=\"wixui-rich-text__text\">\u00a0Borsod-Aba\u00faj-Zempl\u00e9n Megyei K\u00f3rh\u00e1z \u00e9s egyetemi Oktat\u00f3 K\u00f3rh\u00e1z TIOP-2.2.2\/C\/10\/1 PIC p\u00e1ly\u00e1zat\u00e1nak kidolgoz\u00e1s\u00e1ban val\u00f3 r\u00e9szv\u00e9tel<\/span>\u200b<\/p><p class=\"font_8 wixui-rich-text__text\"><span class=\"wixui-rich-text__text\"><span class=\"wixGuard wixui-rich-text__text\">\u200b<\/span><\/span><\/p><ul class=\"font_8 wixui-rich-text__text\"><li class=\"wixui-rich-text__text\"><p class=\"font_8 wixui-rich-text__text\"><span class=\"wixui-rich-text__text\">2012-\u00c9MOP-4.1.2\/A-11<\/span><\/p><\/li><\/ul><p class=\"font_8 wixui-rich-text__text\"><span class=\"wixui-rich-text__text\">A \u201cRehabilit\u00e1ci\u00f3s szolg\u00e1ltat\u00e1sok fejleszt\u00e9se\u201d c\u00edm\u0171 \u00c9MOP-4.1.2\/A-11 sz\u00e1m\u00fa p\u00e1ly\u00e1zati ki\u00edr\u00e1s keret\u00e9ben beny\u00fajtand\u00f3 \u00e9szak-magyarorsz\u00e1gi konzorciumi p\u00e1ly\u00e1zat kidolgoz\u00e1s\u00e1ban val\u00f3 r\u00e9szv\u00e9tel<\/span><\/p><p class=\"font_8 wixui-rich-text__text\"><span class=\"wixui-rich-text__text\"><span class=\"wixGuard wixui-rich-text__text\">\u200b<\/span><\/span><\/p><ul class=\"font_8 wixui-rich-text__text\"><li class=\"wixui-rich-text__text\"><p class=\"font_8 wixui-rich-text__text\"><span class=\"wixui-rich-text__text\">2011 &#8211; TIOP &#8211; 2.2.2<\/span><\/p><\/li><\/ul><p class=\"font_8 wixui-rich-text__text\"><span class=\"wixui-rich-text__text\">A Szent Pantaleon K\u00f3rh\u00e1z-Rendel\u0151int\u00e9zet Duna\u00fajv\u00e1ros s\u00fcrg\u0151ss\u00e9gi (k\u00e9tfordul\u00f3s) p\u00e1ly\u00e1zat\u00e1nak elk\u00e9sz\u00edt\u00e9se a TIOP 2.2.2 \u2013 A s\u00fcrg\u0151ss\u00e9gi ell\u00e1t\u00e1s \u0096 SO1 \u00e9s SO2 (\u00e9s ezeken bel\u00fcl gyermek s\u00fcrg\u0151ss\u00e9gi ell\u00e1t\u00e1s) fejleszt\u00e9s\u00e9nek t\u00e1mogat\u00e1s\u00e1ra konstrukci\u00f3 keret\u00e9ben<\/span><\/p><p class=\"font_8 wixui-rich-text__text\"><span class=\"wixui-rich-text__text\"><span class=\"wixGuard wixui-rich-text__text\">\u200b<\/span><\/span><\/p><ul class=\"font_8 wixui-rich-text__text\"><li class=\"wixui-rich-text__text\"><p class=\"font_8 wixui-rich-text__text\"><span class=\"wixui-rich-text__text\">2010 &#8211; TIOP-2.2.4\/09\/1<\/span><\/p><\/li><\/ul><p class=\"font_8 wixui-rich-text__text\"><span class=\"wixui-rich-text__text\">\u00a0Az Orosh\u00e1za V\u00e1rosi \u00d6nkorm\u00e1nyzat K\u00f3rh\u00e1za \u00e9s a kisv\u00e1rdai Fels\u0151-Szabolcsi K\u00f3rh\u00e1z TIOP-2.2.4\/09\/1 Strukt\u00farav\u00e1lt\u00e1st t\u00e1mogat\u00f3 infrastrukt\u00farafejleszt\u00e9s a fekv\u0151beteg-szakell\u00e1t\u00e1sban c\u00edm\u0171 p\u00e1ly\u00e1zati ki\u00edr\u00e1sban elk\u00e9sz\u00edtett p\u00e1ly\u00e1zatban val\u00f3 k\u00f6zrem\u0171k\u00f6d\u00e9s<\/span><\/p><p class=\"font_8 wixui-rich-text__text\"><span class=\"wixui-rich-text__text\"><span class=\"wixGuard wixui-rich-text__text\">\u200b<\/span><\/span><\/p><ul class=\"font_8 wixui-rich-text__text\"><li class=\"wixui-rich-text__text\"><p class=\"font_8 wixui-rich-text__text\"><span class=\"wixui-rich-text__text\">2010 &#8211; TIOP &#8211; 2.2.4\/09\/1A<\/span><\/p><\/li><\/ul><p class=\"font_8 wixui-rich-text__text\"><span class=\"wixui-rich-text__text\">Markhot Ferenc K\u00f3rh\u00e1z TIOP-2.2.4\/09\/1 Strukt\u00fara v\u00e1ltoztat\u00e1st t\u00e1mogat\u00f3 infrastrukt\u00farafejleszt\u00e9s a fekv\u0151beteg-szakell\u00e1t\u00e1sban p\u00e1ly\u00e1zatelk\u00e9sz\u00edt\u00e9se<\/span><\/p><p class=\"font_8 wixui-rich-text__text\"><span class=\"wixui-rich-text__text\"><span class=\"wixGuard wixui-rich-text__text\">\u200b<\/span><\/span><\/p><ul class=\"font_8 wixui-rich-text__text\"><li class=\"wixui-rich-text__text\"><p class=\"font_8 wixui-rich-text__text\"><span class=\"wixui-rich-text__text\">2009 &#8211; TIOP 2.2.3.<\/span><\/p><\/li><\/ul><p class=\"font_8 wixui-rich-text__text\"><span class=\"wixui-rich-text__text\">Orsz\u00e1gos V\u00e9rell\u00e1t\u00f3 Szolg\u00e1lat -A region\u00e1lis v\u00e9rell\u00e1t\u00f3 k\u00f6zpontok fejleszt\u00e9se- c\u00edm\u0171 TIOP 2.2.3. kiemelt projektmegval\u00f3s\u00edthat\u00f3s\u00e1gi tanulm\u00e1ny\u00e1nak elk\u00e9sz\u00edt\u00e9se<\/span><\/p><p class=\"font_8 wixui-rich-text__text\"><span class=\"wixui-rich-text__text\"><span class=\"wixGuard wixui-rich-text__text\">\u200b<\/span><\/span><\/p><ul class=\"font_8 wixui-rich-text__text\"><li class=\"wixui-rich-text__text\"><p class=\"font_8 wixui-rich-text__text\"><span class=\"wixui-rich-text__text\">2009 &#8211; TIOP &#8211; 2.2.5\/09\/1<\/span><\/p><\/li><\/ul><p class=\"font_8 wixui-rich-text__text\"><span class=\"wixui-rich-text__text\">\u00c9szak-magyarorsz\u00e1gi konzorcium onkol\u00f3giai p\u00e1ly\u00e1zat\u00e1nak kidolgoz\u00e1s\u00e1ban val\u00f3 k\u00f6zrem\u0171k\u00f6d\u00e9s<\/span><\/p><p class=\"font_8 wixui-rich-text__text\"><span class=\"wixui-rich-text__text\"><span class=\"wixGuard wixui-rich-text__text\">\u200b<\/span><\/span><\/p><ul class=\"font_8 wixui-rich-text__text\"><li class=\"wixui-rich-text__text\"><p class=\"font_8 wixui-rich-text__text\"><span class=\"wixui-rich-text__text\">2009<\/span><\/p><\/li><\/ul><p class=\"font_8 wixui-rich-text__text\"><span class=\"wixui-rich-text__text\">K\u00f6rnyezet \u00e9s Energia Operat\u00edv Programp\u00e1ly\u00e1zatainak elk\u00e9sz\u00edt\u00e9se \u2013 (meg\u00fajul\u00f3 energiaforr\u00e1s \u00e9s energia-hat\u00e9konys\u00e1g n\u00f6vel\u00e9se -, Alcs\u00fatdobozi H\u00e1rsfalev\u00e9l Nyugd\u00edjash\u00e1z sz\u00e1m\u00e1ra<\/span><\/p><p class=\"font_8 wixui-rich-text__text\"><span class=\"wixui-rich-text__text\"><span class=\"wixGuard wixui-rich-text__text\">\u200b<\/span><\/span><\/p><ul class=\"font_8 wixui-rich-text__text\"><li class=\"wixui-rich-text__text\"><p class=\"font_8 wixui-rich-text__text\"><span class=\"wixui-rich-text__text\">2008<\/span><\/p><\/li><\/ul><p class=\"font_8 wixui-rich-text__text\"><span class=\"wixui-rich-text__text\">A Ny\u00edregyh\u00e1zi J\u00f3sa Andr\u00e1s Megyei K\u00f3rh\u00e1z Komplex K\u00f3rh\u00e1z Projektj\u00e9nek \u00f6sszefog\u00e1sa, megval\u00f3s\u00edthat\u00f3s\u00e1gi tanulm\u00e1ny elk\u00e9sz\u00edt\u00e9s\u00e9nek ir\u00e1ny\u00edt\u00e1sa<\/span>\u200b<\/p><p class=\"font_8 wixui-rich-text__text\"><span class=\"wixui-rich-text__text\"><span class=\"wixGuard wixui-rich-text__text\">\u200b<\/span>\u200b<\/span><\/p><ul class=\"font_8 wixui-rich-text__text\"><li class=\"wixui-rich-text__text\"><p class=\"font_8 wixui-rich-text__text\"><span class=\"wixui-rich-text__text\">2008 &#8211; T\u00c1MOP 6.2.3.<\/span><\/p><\/li><\/ul><p class=\"font_8 wixui-rich-text__text\"><span class=\"wixui-rich-text__text\">Orsz\u00e1gos eg\u00e9szs\u00e9gmonitoroz\u00e1si rendszer ki\u00e9p\u00edt\u00e9se c\u00edm\u0171 T\u00c1MOP 6.2.3. kiemelt projekt megval\u00f3s\u00edthat\u00f3s\u00e1gi tanulm\u00e1ny\u00e1nak elk\u00e9sz\u00edt\u00e9se<\/span>\u200b<\/p><p class=\"font_8 wixui-rich-text__text\"><span class=\"wixui-rich-text__text\"><span class=\"wixGuard wixui-rich-text__text\">\u200b<\/span><\/span><\/p><ul class=\"font_8 wixui-rich-text__text\"><li class=\"wixui-rich-text__text\"><p class=\"font_8 wixui-rich-text__text\"><span class=\"wixui-rich-text__text\">2008<\/span><\/p><\/li><\/ul><p class=\"font_8 wixui-rich-text__text\"><span class=\"wixui-rich-text__text\">Eur\u00f3pai Ter\u00fcleti Egy\u00fcttm\u0171k\u00f6d\u00e9si Programkeret\u00e9ben a hat\u00e1ron \u00e1tny\u00fal\u00f3 programok, projektek tervez\u00e9se, lebonyol\u00edt\u00e1sa, \u00e9s p\u00e1ly\u00e1zatok elk\u00e9sz\u00edt\u00e9se<\/span><\/p><p class=\"font_8 wixui-rich-text__text\"><span class=\"wixui-rich-text__text\"><span class=\"wixGuard wixui-rich-text__text\">\u200b<\/span><\/span><\/p><ul class=\"font_8 wixui-rich-text__text\"><li class=\"wixui-rich-text__text\"><p class=\"font_8 wixui-rich-text__text\"><span class=\"wixui-rich-text__text\">2007-2008<\/span><\/p><\/li><\/ul><p class=\"font_8 wixui-rich-text__text\"><span class=\"wixui-rich-text__text\">Sz\u0171r\u0151programok Orsz\u00e1gos Kommunik\u00e1ci\u00f3j\u00e1nak program-p\u00e1ly\u00e1zat el\u0151k\u00e9sz\u00edt\u00e9se<\/span><\/p><ul class=\"font_8 wixui-rich-text__text\"><li class=\"wixui-rich-text__text\"><p class=\"font_8 wixui-rich-text__text\"><span class=\"wixui-rich-text__text\">\u200b2007-2008\u00a0<\/span><\/p><\/li><\/ul><p class=\"font_8 wixui-rich-text__text\"><span class=\"wixui-rich-text__text\">Sz\u0171r\u0151programok Orsz\u00e1gos Kommunik\u00e1ci\u00f3j\u00e1nak program-p\u00e1ly\u00e1zat el\u0151k\u00e9sz\u00edt\u00e9se<\/span><\/p><p class=\"font_8 wixui-rich-text__text\"><span class=\"wixui-rich-text__text\"><span class=\"wixGuard wixui-rich-text__text\">\u200b<\/span><\/span><span class=\"wixui-rich-text__text\">T\u00e1rsadalmi Meg\u00fajul\u00e1s Operat\u00edv Program p\u00e1ly\u00e1zatainak elk\u00e9sz\u00edt\u00e9se \u2013foglalkoztat\u00e1s illetve k\u00e9pz\u00e9s t\u00e1mogat\u00e1sa eg\u00e9szs\u00e9g\u00fcgyi int\u00e9zm\u00e9nyek sz\u00e1m\u00e1ra.<\/span><\/p><ul><li>2023. okt\u00f3ber \u2013 2024. m\u00e1rcius &#8211; DIMOP Plusz-1.3.12-23<\/li><\/ul><p style=\"font-weight: 400;\">K\u00f6lts\u00e9g-haszon (cost-benefit) elemz\u00e9s kidolgoz\u00e1sa a projekthez: Az evidencia-alap\u00fa eg\u00e9szs\u00e9g\u00fcgyi-korm\u00e1nyzati d\u00f6nt\u00e9shozatalt, valamint az ehhez kapcsol\u00f3d\u00f3 adatvagyon \u00e9s inform\u00e1ci\u00f3inak kiakn\u00e1z\u00e1s\u00e1t szolg\u00e1l\u00f3 fejleszt\u00e9sek.<\/p><ul><li>2024. m\u00e1jus \u2013 j\u00falius &#8211; Procareful projekt, Interreg Central Europe<\/li><\/ul><p style=\"font-weight: 400;\">D2.1.3 &#8211; Report for procareful Model Dissemination \u2013 disszemin\u00e1ci\u00f3 \u00e9s kommunik\u00e1ci\u00f3s terv kidolgoz\u00e1sa. Procareful project: ICT platforms development for Elderly people.<\/p><\/div>\n\t\t\t\t<\/div>\n\t\t\t\t\t\t\t<div class=\"elementor-toggle-item\">\n\t\t\t\t\t<h5 id=\"elementor-tab-title-2022\" class=\"elementor-tab-title\" data-tab=\"2\" role=\"button\" aria-controls=\"elementor-tab-content-2022\" aria-expanded=\"false\">\n\t\t\t\t\t\t\t\t\t\t\t\t<span class=\"elementor-toggle-icon elementor-toggle-icon-right\" aria-hidden=\"true\">\n\t\t\t\t\t\t\t\t\t\t\t\t\t\t\t<span class=\"elementor-toggle-icon-closed\"><svg xmlns=\"http:\/\/www.w3.org\/2000\/svg\" viewbox=\"0 0 12 14\"><path fill-rule=\"evenodd\" clip-rule=\"evenodd\" d=\"M11.304 8.757 6.53 13.53a.75.75 0 0 1-1.06 0L.696 8.757a.75.75 0 1 1 1.06-1.06l3.493 3.492V0h1.5v11.19l3.493-3.493a.75.75 0 0 1 1.06 1.06Z\"><\/path><\/svg><\/span>\n\t\t\t\t\t\t\t\t<span class=\"elementor-toggle-icon-opened\"><svg xmlns=\"http:\/\/www.w3.org\/2000\/svg\" viewbox=\"0 0 12 14\"><path fill-rule=\"evenodd\" clip-rule=\"evenodd\" d=\"M.22 4.993 4.993.22a.75.75 0 0 1 1.06 0l4.773 4.773a.75.75 0 1 1-1.06 1.06L6.273 2.561V13.75h-1.5V2.56L1.28 6.054a.75.75 0 0 1-1.06-1.06Z\"><\/path><\/svg><\/span>\n\t\t\t\t\t\t\t\t\t\t\t\t\t<\/span>\n\t\t\t\t\t\t\t\t\t\t\t\t<a class=\"elementor-toggle-title\" tabindex=\"0\">Consulting and specialist services<\/a>\n\t\t\t\t\t<\/h5>\n\n\t\t\t\t\t<div id=\"elementor-tab-content-2022\" class=\"elementor-tab-content elementor-clearfix\" data-tab=\"2\" role=\"region\" aria-labelledby=\"elementor-tab-title-2022\"><ul class=\"font_8 wixui-rich-text__text\"><li>2024. janu\u00e1r \u2013 j\u00fanius<\/li><\/ul><p style=\"font-weight: 400;\">Id\u0151s \u2013 demens mag\u00e1nell\u00e1t\u00f3 k\u00f6zpont eg\u00e9szs\u00e9g\u00fcgyi szolg\u00e1ltat\u00e1si koncepci\u00f3j\u00e1nak, ell\u00e1t\u00e1si terv\u00e9nek \u00e9s r\u00e9szletes \u00fczleti terv\u00e9nek kidolgoz\u00e1sa Magyarorsz\u00e1g ter\u00fclet\u00e9re.<\/p><ul class=\"font_8 wixui-rich-text__text\"><li><p>2024. janu\u00e1r \u2013 j\u00fanius<\/p><\/li><\/ul><p>Piaci elemz\u00e9s \u00e9s \u00fczleti terv kidolgoz\u00e1sa mag\u00e1n befektet\u0151 sz\u00e1m\u00e1ra: egy \u00faj Holistic Health Center \u2013 Women Health Center l\u00e9trehoz\u00e1s\u00e1r\u00f3l Budapesten.<\/p><ul class=\"font_8 wixui-rich-text__text\"><li class=\"wixui-rich-text__text\"><p class=\"font_8 wixui-rich-text__text\"><span class=\"wixui-rich-text__text\">2023<\/span><\/p><\/li><\/ul><p class=\"font_8 wixui-rich-text__text\"><span class=\"color_11 wixui-rich-text__text\"><span class=\"wixGuard wixui-rich-text__text\">\u200b<\/span>MEDIQ, Kliniderm\u00ae Supereabsorbent Dressing szupernedvsz\u00edv\u00f3 k\u00f6tszer tb t\u00e1mogat\u00e1sba t\u00f6rt\u00e9n\u0151 befogad\u00e1s\u00e1nak eg\u00e9szs\u00e9g-gazdas\u00e1gi tanulm\u00e1nya, gyse list\u00e1ra ker\u00fcl\u00e9s 2022. XII.<\/span><\/p><ul class=\"font_8 wixui-rich-text__text\"><li class=\"wixui-rich-text__text\"><p class=\"font_8 wixui-rich-text__text\"><span class=\"wixui-rich-text__text\">2023<\/span><\/p><\/li><\/ul><p class=\"font_8 wixui-rich-text__text\"><span class=\"color_11 wixui-rich-text__text\">Befogadt\u00e1k a Medtronic c\u00e9g MiniMed 740G inzulinpump\u00e1t gy\u00f3gy\u00e1szati seg\u00e9deszk\u00f6z t\u00e1mogatotti k\u00f6rbe.<\/span>\u200b<\/p><p class=\"font_8 wixui-rich-text__text\"><span class=\"wixGuard wixui-rich-text__text\">\u200b<\/span><\/p><ul class=\"font_8 wixui-rich-text__text\"><li class=\"wixui-rich-text__text\"><p class=\"font_8 wixui-rich-text__text\"><span class=\"wixui-rich-text__text\">2019-2021<\/span><\/p><\/li><\/ul><p class=\"font_8 wixui-rich-text__text\"><span class=\"wixui-rich-text__text\">A pitvarfibrill\u00e1ci\u00f3 (PF) betegs\u00e9gterhe \u00e9s ter\u00e1pi\u00e1s lehet\u0151s\u00e9gei Magyarorsz\u00e1gon \u2013 szak\u00e9rt\u0151i munka<\/span><\/p><p class=\"font_8 wixui-rich-text__text\"><span class=\"wixui-rich-text__text\"><span class=\"wixGuard wixui-rich-text__text\">\u200b<\/span><\/span><\/p><ul class=\"font_8 wixui-rich-text__text\"><li class=\"wixui-rich-text__text\"><p class=\"font_8 wixui-rich-text__text\"><span class=\"wixui-rich-text__text\">2019-2020<\/span><\/p><\/li><\/ul><p class=\"font_8 wixui-rich-text__text\"><span class=\"wixui-rich-text__text\">Az eg\u00e9szs\u00e9gturizmus, gy\u00f3gyturizmus \u00e9s orvosi turizmus helyzetelemz\u00e9se \u00e9s strat\u00e9giai fejleszt\u00e9si lehet\u0151s\u00e9geinek felm\u00e9r\u00e9se B\u00e1cs-Kiskun Megy\u00e9ben<\/span><\/p><p class=\"font_8 wixui-rich-text__text\"><span class=\"wixui-rich-text__text\"><span class=\"wixGuard wixui-rich-text__text\">\u200b<\/span><\/span><\/p><ul class=\"font_8 wixui-rich-text__text\"><li class=\"wixui-rich-text__text\"><p class=\"font_8 wixui-rich-text__text\"><span class=\"wixui-rich-text__text\">2019<\/span><\/p><\/li><\/ul><p class=\"font_8 wixui-rich-text__text\"><span class=\"wixui-rich-text__text\">Mag\u00e1n eg\u00e9szs\u00e9g\u00fcgyi szolg\u00e1ltat\u00f3i \u00e1rindex sz\u00e1m\u00edt\u00e1sa \u2013 m\u00f3dszertan \u00e9s szab\u00e1lyzat kidolgoz\u00e1sa \u2013 Union Biztos\u00edt\u00f3 Zrt. r\u00e9sz\u00e9re<\/span><\/p><p class=\"font_8 wixui-rich-text__text\"><span class=\"wixui-rich-text__text\"><span class=\"wixGuard wixui-rich-text__text\">\u200b<\/span><\/span><\/p><ul class=\"font_8 wixui-rich-text__text\"><li class=\"wixui-rich-text__text\"><p class=\"font_8 wixui-rich-text__text\"><span class=\"wixui-rich-text__text\">2018<\/span><\/p><\/li><\/ul><p class=\"font_8 wixui-rich-text__text\"><span class=\"wixui-rich-text__text\">Eg\u00e9szs\u00e9gturisztikai \u00e9s \u00e9rt\u00e9kes\u00edt\u00e9si strat\u00e9gia k\u00e9sz\u00edt\u00e9se \u00a0\u2013 \u00a0Magyar Turisztikai \u00dcgyn\u00f6ks\u00e9g Zrt. r\u00e9sz\u00e9re<\/span><span class=\"wixui-rich-text__text\">\u200b<\/span><span class=\"wixui-rich-text__text\">\u200b<\/span><\/p><p class=\"font_8 wixui-rich-text__text\"><span class=\"wixui-rich-text__text\"><span class=\"wixGuard wixui-rich-text__text\">\u200b<\/span><\/span><\/p><ul class=\"font_8 wixui-rich-text__text\"><li class=\"wixui-rich-text__text\"><p class=\"font_8 wixui-rich-text__text\"><span class=\"wixui-rich-text__text\">2018<\/span><\/p><\/li><\/ul><p class=\"font_8 wixui-rich-text__text\"><span class=\"wixui-rich-text__text\">\u201cMents\u00fck meg a l\u00e1bakat!\u201d program<\/span><span class=\"wixui-rich-text__text\">\u00a0a minim\u00e1l-invaz\u00edv ell\u00e1t\u00e1sok szerep\u00e9nek n\u00f6vel\u00e9se az als\u00f3v\u00e9gtagi ver\u0151\u00e9r betegek, k\u00fcl\u00f6n\u00f6sen a kritikus v\u00e9gtagi iszk\u00e9mi\u00e1s esetek kezel\u00e9s\u00e9ben az amput\u00e1ci\u00f3k sz\u00e1m\u00e1nak cs\u00f6kkent\u00e9se \u00e9rdek\u00e9ben \u2013 szak\u00e9rt\u0151i munka<\/span><\/p><p class=\"font_8 wixui-rich-text__text\"><span class=\"wixui-rich-text__text\"><span class=\"wixGuard wixui-rich-text__text\">\u200b<\/span><\/span><\/p><ul class=\"font_8 wixui-rich-text__text\"><li class=\"wixui-rich-text__text\"><p class=\"font_8 wixui-rich-text__text\"><span class=\"wixui-rich-text__text\">2017-2018<\/span><\/p><\/li><\/ul><p class=\"font_8 wixui-rich-text__text\"><span class=\"wixui-rich-text__text\">Az ambul\u00e1ns t\u00fcd\u0151gy\u00f3gy\u00e1szati rehabilit\u00e1ci\u00f3 finansz\u00edroz\u00e1s\u00e1nak kialak\u00edt\u00e1sa \u2013 szak\u00e9rt\u0151i munka. Orsz\u00e1gos Kor\u00e1nyi Tbc \u00e9s Pulmonol\u00f3giai Int\u00e9zet<\/span><\/p><p class=\"font_8 wixui-rich-text__text\"><span class=\"wixui-rich-text__text\"><span class=\"wixGuard wixui-rich-text__text\">\u200b<\/span><\/span><\/p><ul class=\"font_8 wixui-rich-text__text\"><li class=\"wixui-rich-text__text\"><p class=\"font_8 wixui-rich-text__text\"><span class=\"wixui-rich-text__text\">2010<\/span><\/p><\/li><\/ul><p class=\"font_8 wixui-rich-text__text\"><span class=\"wixui-rich-text__text\">Sanofi-Aventis Zrt. r\u00e9sz\u00e9re \u2013 \u00daj Stakeholder strat\u00e9gia kialak\u00edt\u00e1sa<\/span><\/p><p class=\"font_8 wixui-rich-text__text\"><span class=\"wixui-rich-text__text\"><span class=\"wixGuard wixui-rich-text__text\">\u200b<\/span><\/span><\/p><ul class=\"font_8 wixui-rich-text__text\"><li class=\"wixui-rich-text__text\"><p class=\"font_8 wixui-rich-text__text\"><span class=\"wixui-rich-text__text\">2009 &#8211; TIOP 2.1.2<\/span><\/p><\/li><\/ul><p class=\"font_8 wixui-rich-text__text\"><span class=\"wixui-rich-text__text\">\u00a0Kist\u00e9rs\u00e9gi j\u00e1r\u00f3beteg-szakell\u00e1t\u00f3 k\u00f6zpontok kialak\u00edt\u00e1sa \u00e9s fejleszt\u00e9se \u00e9s a TIOP 2.1.3 \u2013 Akt\u00edv k\u00f3rh\u00e1zi ell\u00e1t\u00e1sokat kiv\u00e1lt\u00f3 j\u00e1r\u00f3beteg szolg\u00e1ltat\u00e1sok fejleszt\u00e9se \u00daMFT projektjeinek el\u0151\u00e9rt\u00e9kel\u00e9se<\/span><\/p><p class=\"font_8 wixui-rich-text__text\"><span class=\"wixui-rich-text__text\"><span class=\"wixGuard wixui-rich-text__text\">\u200b<\/span><\/span><\/p><ul class=\"font_8 wixui-rich-text__text\"><li class=\"wixui-rich-text__text\"><p class=\"font_8 wixui-rich-text__text\"><span class=\"wixui-rich-text__text\">2009<\/span><\/p><\/li><\/ul><p class=\"font_8 wixui-rich-text__text\"><span class=\"wixui-rich-text__text\">Orvostechnikai Eszk\u00f6z\u00f6k Gy\u00e1rt\u00f3inak \u00e9s Forgalmaz\u00f3inak Sz\u00f6vets\u00e9g\u00e9nek befogad\u00e1s-politikai koncepci\u00f3kidolgoz\u00e1sa<\/span><\/p><p class=\"font_8 wixui-rich-text__text\"><span class=\"wixui-rich-text__text\"><span class=\"wixGuard wixui-rich-text__text\">\u200b<\/span><\/span><\/p><ul class=\"font_8 wixui-rich-text__text\"><li class=\"wixui-rich-text__text\"><p class=\"font_8 wixui-rich-text__text\"><span class=\"wixui-rich-text__text\">2008-2009<\/span><\/p><\/li><\/ul><p class=\"font_8 wixui-rich-text__text\"><span class=\"wixui-rich-text__text\">Eg\u00e9szs\u00e9g\u00fcgyi Ell\u00e1t\u00e1s K\u00f6lts\u00e9geinek M\u00e9r\u00e9si Elemz\u00e9si Rendszere (EKMR) er\u0151forr\u00e1s fogyaszt\u00e1s alap\u00fa k\u00f6lts\u00e9gm\u00e9r\u00e9si rendszer kialak\u00edt\u00e1s\u00e1ban r\u00e9szv\u00e9tel<\/span><\/p><p class=\"font_8 wixui-rich-text__text\"><span class=\"wixui-rich-text__text\"><span class=\"wixGuard wixui-rich-text__text\">\u200b<\/span><\/span><\/p><ul class=\"font_8 wixui-rich-text__text\"><li class=\"wixui-rich-text__text\"><p class=\"font_8 wixui-rich-text__text\"><span class=\"wixui-rich-text__text\">2008-2009<\/span><\/p><\/li><\/ul><p class=\"font_8 wixui-rich-text__text\"><span class=\"wixui-rich-text__text\">Magyar Otthon\u00e1pol\u00e1si \u00e9s Hospice Egyes\u00fclet strat\u00e9giai menedzsmentje \u00e9s szab\u00e1lyoz\u00e1si koncepci\u00f3j\u00e1nak kidolgoz\u00e1sa<\/span><\/p><p class=\"font_8 wixui-rich-text__text\"><span class=\"wixui-rich-text__text\"><span class=\"wixGuard wixui-rich-text__text\">\u200b<\/span><\/span><\/p><ul class=\"font_8 wixui-rich-text__text\"><li class=\"wixui-rich-text__text\"><p class=\"font_8 wixui-rich-text__text\"><span class=\"wixui-rich-text__text\">2008 &#8211; NFT II<\/span><\/p><\/li><\/ul><p class=\"font_8 wixui-rich-text__text\"><span class=\"wixui-rich-text__text\">p\u00e1ly\u00e1zatok el\u0151\u00e9rt\u00e9kel\u00e9se Region\u00e1lis Eg\u00e9szs\u00e9g\u00fcgyi Tan\u00e1cs sz\u00e1m\u00e1ra (K\u00f6z\u00e9p-Dun\u00e1nt\u00fali \u00e9s Nyugat-Dun\u00e1nt\u00fali RET)<\/span><\/p><p class=\"font_8 wixui-rich-text__text\"><span class=\"wixui-rich-text__text\">\u200b<span class=\"wixGuard wixui-rich-text__text\">\u200b<\/span><\/span><\/p><ul class=\"font_8 wixui-rich-text__text\"><li class=\"wixui-rich-text__text\"><p class=\"font_8 wixui-rich-text__text\"><span class=\"wixui-rich-text__text\">2007<\/span><\/p><\/li><\/ul><p class=\"font_8 wixui-rich-text__text\"><span class=\"wixui-rich-text__text\">Semmelweis Egyetem Szemklinika sz\u00e1m\u00e1ra strat\u00e9giai tan\u00e1csad\u00e1s \u00e9s \u00fczleti terv k\u00e9sz\u00edt\u00e9s\u00e9ben r\u00e9szv\u00e9tel alv\u00e1llalkoz\u00f3k\u00e9nt 1. projekt<\/span><\/p><p class=\"font_8 wixui-rich-text__text\"><span class=\"wixui-rich-text__text\"><span class=\"wixGuard wixui-rich-text__text\">\u200b<\/span><\/span><\/p><ul class=\"font_8 wixui-rich-text__text\"><li class=\"wixui-rich-text__text\"><p class=\"font_8 wixui-rich-text__text\"><span class=\"wixui-rich-text__text\">2006-2007<\/span><\/p><\/li><\/ul><p class=\"font_8 wixui-rich-text__text\"><span class=\"wixui-rich-text__text\">Lehets\u00e9ges modellek az eg\u00e9szs\u00e9gbiztos\u00edt\u00e1s reformj\u00e1ra a t\u00e1rsadalombiztos\u00edt\u00e1s keretein bel\u00fcl (\u00f6sszefoglal\u00f3 tanulm\u00e1ny a Minisztereln\u00f6ki Hivatal sz\u00e1m\u00e1ra)<\/span><\/p><p class=\"font_8 wixui-rich-text__text\"><span class=\"wixui-rich-text__text\"><span class=\"wixGuard wixui-rich-text__text\">\u200b<\/span><\/span>\u200b\u200b<\/p><ul class=\"font_8 wixui-rich-text__text\"><li class=\"wixui-rich-text__text\"><p class=\"font_8 wixui-rich-text__text\"><span class=\"wixui-rich-text__text\">Borsod-Aba\u00faj-Zempl\u00e9n Megyei K\u00f3rh\u00e1z \u00e9s Egyetemi Oktat\u00f3 K\u00f3rh\u00e1z strat\u00e9gi\u00e1j\u00e1nak fejleszt\u00e9se<\/span><\/p><\/li><\/ul><p class=\"font_8 wixui-rich-text__text\"><span class=\"wixui-rich-text__text\"><span class=\"wixGuard wixui-rich-text__text\">\u200b<\/span><\/span><\/p><ul class=\"font_8 wixui-rich-text__text\"><li class=\"wixui-rich-text__text\"><p class=\"font_8 wixui-rich-text__text\"><span class=\"wixui-rich-text__text\">Region\u00e1lis kapacit\u00e1stanulm\u00e1nyok elk\u00e9sz\u00edt\u00e9se a Region\u00e1lis Eg\u00e9szs\u00e9g\u00fcgyi Tan\u00e1cs sz\u00e1m\u00e1ra (K\u00f6z\u00e9p-Dun\u00e1nt\u00fali \u00e9s Nyugat-Dun\u00e1nt\u00fali RET)<\/span><\/p><\/li><\/ul><ul class=\"font_8 wixui-rich-text__text\"><li class=\"wixui-rich-text__text\"><p class=\"font_8 wixui-rich-text__text\">\u200b2024. janu\u00e1r \u2013 j\u00fanius<\/p><\/li><\/ul><p style=\"font-weight: 400;\">Piaci elemz\u00e9s \u00e9s \u00fczleti terv kidolgoz\u00e1sa mag\u00e1n befektet\u0151 sz\u00e1m\u00e1ra: egy \u00faj Holistic Health Center \u2013 Women Health Center l\u00e9trehoz\u00e1s\u00e1r\u00f3l Budapesten.<\/p><ul><li style=\"font-weight: 400;\">2024. janu\u00e1r \u2013 j\u00fanius<\/li><\/ul><p style=\"font-weight: 400;\">Id\u0151s \u2013 demens mag\u00e1nell\u00e1t\u00f3 k\u00f6zpont eg\u00e9szs\u00e9g\u00fcgyi szolg\u00e1ltat\u00e1si koncepci\u00f3j\u00e1nak, ell\u00e1t\u00e1si terv\u00e9nek \u00e9s r\u00e9szletes \u00fczleti terv\u00e9nek kidolgoz\u00e1sa Magyarorsz\u00e1g ter\u00fclet\u00e9re.<\/p><\/div>\n\t\t\t\t<\/div>\n\t\t\t\t\t\t\t<div class=\"elementor-toggle-item\">\n\t\t\t\t\t<h5 id=\"elementor-tab-title-2023\" class=\"elementor-tab-title\" data-tab=\"3\" role=\"button\" aria-controls=\"elementor-tab-content-2023\" aria-expanded=\"false\">\n\t\t\t\t\t\t\t\t\t\t\t\t<span class=\"elementor-toggle-icon elementor-toggle-icon-right\" aria-hidden=\"true\">\n\t\t\t\t\t\t\t\t\t\t\t\t\t\t\t<span class=\"elementor-toggle-icon-closed\"><svg xmlns=\"http:\/\/www.w3.org\/2000\/svg\" viewbox=\"0 0 12 14\"><path fill-rule=\"evenodd\" clip-rule=\"evenodd\" d=\"M11.304 8.757 6.53 13.53a.75.75 0 0 1-1.06 0L.696 8.757a.75.75 0 1 1 1.06-1.06l3.493 3.492V0h1.5v11.19l3.493-3.493a.75.75 0 0 1 1.06 1.06Z\"><\/path><\/svg><\/span>\n\t\t\t\t\t\t\t\t<span class=\"elementor-toggle-icon-opened\"><svg xmlns=\"http:\/\/www.w3.org\/2000\/svg\" viewbox=\"0 0 12 14\"><path fill-rule=\"evenodd\" clip-rule=\"evenodd\" d=\"M.22 4.993 4.993.22a.75.75 0 0 1 1.06 0l4.773 4.773a.75.75 0 1 1-1.06 1.06L6.273 2.561V13.75h-1.5V2.56L1.28 6.054a.75.75 0 0 1-1.06-1.06Z\"><\/path><\/svg><\/span>\n\t\t\t\t\t\t\t\t\t\t\t\t\t<\/span>\n\t\t\t\t\t\t\t\t\t\t\t\t<a class=\"elementor-toggle-title\" tabindex=\"0\">Health economics analysis<\/a>\n\t\t\t\t\t<\/h5>\n\n\t\t\t\t\t<div id=\"elementor-tab-content-2023\" class=\"elementor-tab-content elementor-clearfix\" data-tab=\"3\" role=\"region\" aria-labelledby=\"elementor-tab-title-2023\"><ul class=\"font_8 wixui-rich-text__text\"><li><p>2024. m\u00e1jus &#8211; j\u00falius<\/p><\/li><\/ul><p>Bari\u00e1triai m\u0171t\u00e9tek eg\u00e9szs\u00e9g-gazdas\u00e1gi vonatkoz\u00e1sai, hat\u00e9konys\u00e1ga \u00e9s k\u00f6lts\u00e9ghat\u00e9konys\u00e1ga \u2013 szakirodalmi \u00e1ttekint\u00e9s k\u00e9sz\u00edt\u00e9se.<\/p><p>\u00a0<\/p><ul class=\"font_8 wixui-rich-text__text\"><li><p>2023. janu\u00e1r &#8211; m\u00e1rcius<\/p><\/li><\/ul><p>MaxioCel\u00ae (chitosan) k\u00f6tszer t\u00e1rsadalombiztos\u00edt\u00e1si k\u00e9relm\u00e9t al\u00e1t\u00e1maszt\u00f3 eg\u00e9szs\u00e9g-gazdas\u00e1gi elemz\u00e9sek \u00e9s k\u00f6lts\u00e9gvet\u00e9si hat\u00e1ssz\u00e1m\u00edt\u00e1sok k\u00e9sz\u00edt\u00e9se. A term\u00e9k 2023. okt\u00f3ber\u00e9t\u0151l befogad\u00e1sra ker\u00fclt.<\/p><p>\u00a0<\/p><ul class=\"font_8 wixui-rich-text__text\"><li><p>2022. \u00e1prilis \u2013 2023. okt\u00f3ber<\/p><\/li><\/ul><p>A MiniMed 740G t\u00edpus\u00fa inzulinpumpa, valamint szint\u00e9n a diab\u00e9tesz ell\u00e1t\u00e1st szolg\u00e1l\u00f3 Guardian 4 t\u00e1vad\u00f3 \u00e9s szenzor \u00a0t\u00e1rsadalombiztos\u00edt\u00e1si befogad\u00e1s\u00e1hoz sz\u00fcks\u00e9ges eg\u00e9szs\u00e9g-gazdas\u00e1gtani elemz\u00e9sek, szakirodalmi \u00e1ttekint\u00e9sek \u00e9s k\u00f6lts\u00e9gvet\u00e9si hat\u00e1selemz\u00e9sek elk\u00e9sz\u00edt\u00e9se. K\u00f6zrem\u0171k\u00f6d\u00e9s a K\u00e9relmek \u00f6ssze\u00e1ll\u00edt\u00e1s\u00e1ban. Az \u00faj gy\u00f3gy\u00e1szati seg\u00e9deszk\u00f6z term\u00e9kek 2023. \u00e9v elej\u00e9n, valamint 2024. \u00e9v elej\u00e9t\u0151l ker\u00fcltek be a NEAK \u00e1ltal biztos\u00edtott k\u00f6zfinansz\u00edroz\u00e1sba.<\/p><p>\u00a0<\/p><ul class=\"font_8 wixui-rich-text__text\"><li><p>2021. j\u00fanius \u2013 2022. november<\/p><\/li><\/ul><p>Hasi daganatos seb\u00e9szet multicentrikus k\u00f6lts\u00e9gelemz\u00e9se \u00e9s javaslatok kidolgoz\u00e1sa az Esetfinansz\u00edroz\u00e1s t\u00f6bb szint\u0171 d\u00edjt\u00e9teleire a NEAK fel\u00e9 a Magyar Seb\u00e9sz T\u00e1rsas\u00e1g (MST) vezet\u00e9s\u00e9nek k\u00f6zrem\u0171k\u00f6d\u00e9s\u00e9vel.<\/p><p>\u00a0<\/p><ul class=\"font_8 wixui-rich-text__text\"><li class=\"wixui-rich-text__text\"><p class=\"font_8 wixui-rich-text__text\"><span class=\"wixui-rich-text__text\">2020. november \u2013 2021. augusztus<\/span><\/p><\/li><\/ul><p class=\"font_8 wixui-rich-text__text\"><span class=\"wixui-rich-text__text\">Point-of Care Tesztek sz\u00e9lesk\u00f6r\u0171 haszn\u00e1lat\u00e1nak elemz\u00e9se a h\u00e1ziorvosi ell\u00e1t\u00e1sban, szisztematikus szakirodalmi \u00e1ttekint\u00e9s elk\u00e9sz\u00edt\u00e9se, k\u00f6lts\u00e9gvet\u00e9si hat\u00e1selemz\u00e9s k\u00e9sz\u00edt\u00e9se<\/span><\/p><p class=\"font_8 wixui-rich-text__text\"><span class=\"wixui-rich-text__text\"><span class=\"wixGuard wixui-rich-text__text\">\u200b<\/span><\/span><\/p><ul class=\"font_8 wixui-rich-text__text\"><li class=\"wixui-rich-text__text\"><p class=\"font_8 wixui-rich-text__text\"><span class=\"wixui-rich-text__text\">2020.szeptember-november<\/span><\/p><\/li><\/ul><p class=\"font_8 wixui-rich-text__text\"><span class=\"wixui-rich-text__text\">A MiniMed 780G t\u00edpus\u00fa inzulinpumpa t\u00e1rsadalombiztos\u00edt\u00e1si befogad\u00e1s\u00e1hoz sz\u00fcks\u00e9ges eg\u00e9szs\u00e9g-gazdas\u00e1gtani elemz\u00e9s, szakirodalmi \u00e1ttekint\u00e9s, k\u00f6lts\u00e9gvet\u00e9si hat\u00e1selemz\u00e9s elk\u00e9sz\u00edt\u00e9se, k\u00f6zrem\u0171k\u00f6d\u00e9s K\u00e9relem \u00f6ssze\u00e1ll\u00edt\u00e1s\u00e1ban. A term\u00e9k 2021. augusztus\u00e1ban befogad\u00e1sra ker\u00fclt<\/span><\/p><p class=\"font_8 wixui-rich-text__text\"><span class=\"wixui-rich-text__text\"><span class=\"wixGuard wixui-rich-text__text\">\u200b<\/span><\/span><\/p><ul class=\"font_8 wixui-rich-text__text\"><li class=\"wixui-rich-text__text\"><p class=\"font_8 wixui-rich-text__text\"><span class=\"wixui-rich-text__text\">2018. szeptember \u2013 2018. december<\/span><\/p><\/li><\/ul><p class=\"font_8 wixui-rich-text__text\"><span class=\"wixui-rich-text__text\">K\u00f6lts\u00e9g-hat\u00e9konys\u00e1gi elemz\u00e9s \u2013 Telemedicina alkalmaz\u00e1sa magas v\u00e9rnyom\u00e1s \u00e9s sz\u00edvel\u00e9gtelens\u00e9g betegs\u00e9gekben. K\u00f6lts\u00e9g-eredm\u00e9nyess\u00e9gi elemz\u00e9s (CEA), szakirodalom elemz\u00e9s, epidemiol\u00f3giai elemz\u00e9s, k\u00f6lts\u00e9gvet\u00e9si hat\u00e1selemz\u00e9s (BIA)<\/span><\/p><p class=\"font_8 wixui-rich-text__text\"><span class=\"wixui-rich-text__text\"><span class=\"wixGuard wixui-rich-text__text\">\u200b<\/span><\/span><\/p><ul class=\"font_8 wixui-rich-text__text\"><li class=\"wixui-rich-text__text\"><p class=\"font_8 wixui-rich-text__text\"><span class=\"wixui-rich-text__text\">2018. febru\u00e1r \u2013 2018. j\u00falius<\/span><\/p><\/li><\/ul><p class=\"font_8 wixui-rich-text__text\"><span class=\"wixui-rich-text__text\">K\u00f6lts\u00e9g-hasznoss\u00e1g elemz\u00e9s \u2013 Bari\u00e1triai seb\u00e9szet technol\u00f3giaelemz\u00e9se \u00e9s NEAK finansz\u00edroz\u00e1si beadv\u00e1ny\u00e1nak elk\u00e9sz\u00edt\u00e9se \u2013 k\u00f6lts\u00e9g-hasznoss\u00e1g elemz\u00e9s (CUA) k\u00fclf\u00f6ldi modell hazai adapt\u00e1ci\u00f3ja, szakirodalom elemz\u00e9s, epidemiol\u00f3giai elemz\u00e9s, k\u00f6lts\u00e9gvet\u00e9si hat\u00e1selemz\u00e9s (BIA)<\/span><\/p><p class=\"font_8 wixui-rich-text__text\"><span class=\"wixui-rich-text__text\"><span class=\"wixGuard wixui-rich-text__text\">\u200b<\/span><\/span><\/p><ul class=\"font_8 wixui-rich-text__text\"><li class=\"wixui-rich-text__text\"><p class=\"font_8 wixui-rich-text__text\"><span class=\"wixui-rich-text__text\">2017. szeptember-2018. janu\u00e1r<\/span><\/p><\/li><\/ul><p class=\"font_8 wixui-rich-text__text\"><span class=\"wixui-rich-text__text\">\u00a0K\u00f6lts\u00e9g-hat\u00e9konys\u00e1gi\/eredm\u00e9nyess\u00e9gi elemz\u00e9s \u2013 kis \u00e9s k\u00f6zepes molekulas\u00faly\u00fa hidrof\u00f3b anyagok (k\u00fcl\u00f6n\u00f6sen a citokinek) extrakorpor\u00e1lis adszorpci\u00f3ja. A CytoSorb\u00ae extrakorpor\u00e1lis v\u00e9rtiszt\u00edt\u00f3 ter\u00e1pia technol\u00f3giaelemz\u00e9se \u00e9s NEAK finansz\u00edroz\u00e1si beadv\u00e1ny\u00e1nak elk\u00e9sz\u00edt\u00e9se \u2013 k\u00f6lts\u00e9g-eredm\u00e9nyess\u00e9gi elemz\u00e9s (CEA), szakirodalom elemz\u00e9s, epidemiol\u00f3giai elemz\u00e9s, k\u00f6lts\u00e9gvet\u00e9si hat\u00e1selemz\u00e9s (BIA)<\/span><\/p><p class=\"font_8 wixui-rich-text__text\"><span class=\"wixui-rich-text__text\"><span class=\"wixGuard wixui-rich-text__text\">\u200b<\/span><\/span><\/p><ul class=\"font_8 wixui-rich-text__text\"><li class=\"wixui-rich-text__text\"><p class=\"font_8 wixui-rich-text__text\"><span class=\"wixui-rich-text__text\">2016. augusztus- 2016. november<\/span><\/p><\/li><\/ul><p class=\"font_8 wixui-rich-text__text\"><span class=\"wixui-rich-text__text\">\u00a0K\u00f6lts\u00e9g-minimaliz\u00e1ci\u00f3s elemz\u00e9s \u2013 modern k\u00f6tszer. A kliniderm\u00ae foam phmb antimikrobi\u00e1lis habk\u00f6tszer 10 x 10 technol\u00f3giaelemz\u00e9se \u00e9s NEAK finansz\u00edroz\u00e1si beadv\u00e1ny\u00e1nak elk\u00e9sz\u00edt\u00e9se \u2013 k\u00f6lts\u00e9g-minimaliz\u00e1ci\u00f3s elemz\u00e9s (CMA), kompar\u00e1tor elemz\u00e9s, eg\u00e9szs\u00e9g\u00fcgyi szolg\u00e1ltat\u00e1s sz\u00fcks\u00e9glet elemz\u00e9s<\/span><\/p><p class=\"font_8 wixui-rich-text__text\"><span class=\"wixui-rich-text__text\"><span class=\"wixGuard wixui-rich-text__text\">\u200b<\/span><\/span><\/p><ul class=\"font_8 wixui-rich-text__text\"><li class=\"wixui-rich-text__text\"><p class=\"font_8 wixui-rich-text__text\"><span class=\"wixui-rich-text__text\">2015. febru\u00e1r- 2015. m\u00e1jus<\/span><\/p><\/li><\/ul><p class=\"font_8 wixui-rich-text__text\"><span class=\"wixui-rich-text__text\">K\u00f6lts\u00e9g-haszon elemz\u00e9s \u2013\u00a0<\/span><span class=\"wixui-rich-text__text\">Ny\u00edregyh\u00e1za J\u00f3sa Andr\u00e1s Megyei K\u00f3rh\u00e1z. A TIOP-2.2.7\/07\/2F \u201eInfrastrukt\u00fara-fejleszt\u00e9s t\u00e1mogat\u00e1s\u00e1ra az eg\u00e9szs\u00e9gp\u00f3lusokban\u201d Eur\u00f3pai Uni\u00f3s nagy projekt p\u00e1ly\u00e1zat r\u00e9szek\u00e9nt k\u00f6lts\u00e9g-haszon elemz\u00e9s k\u00e9sz\u00edt\u00e9se (CBA)<\/span><\/p><p class=\"font_8 wixui-rich-text__text\"><span class=\"wixui-rich-text__text\"><span class=\"wixGuard wixui-rich-text__text\">\u200b<\/span><\/span><\/p><ul class=\"font_8 wixui-rich-text__text\"><li class=\"wixui-rich-text__text\"><p class=\"font_8 wixui-rich-text__text\"><span class=\"wixui-rich-text__text\">2013. j\u00falius- 2013. november<\/span><\/p><\/li><\/ul><p class=\"font_8 wixui-rich-text__text\"><span class=\"wixui-rich-text__text\">K\u00f6lts\u00e9g-minimaliz\u00e1ci\u00f3s elemz\u00e9s \u2013 gy\u00f3gy\u00e1szati seg\u00e9deszk\u00f6z befogad\u00e1s. A POWERbreathe\u00ae Medic maszk technol\u00f3giaelemz\u00e9se \u00e9s NEAK finansz\u00edroz\u00e1si beadv\u00e1ny\u00e1nak elk\u00e9sz\u00edt\u00e9se \u2013 szakirodalom elemz\u00e9s, kompar\u00e1tor elemz\u00e9s, esettanulm\u00e1ny elemz\u00e9s, k\u00f6lts\u00e9g-minimaliz\u00e1ci\u00f3s elemz\u00e9s (CMA)<\/span><\/p><p class=\"font_8 wixui-rich-text__text\"><span class=\"wixui-rich-text__text\"><span class=\"wixGuard wixui-rich-text__text\">\u200b<\/span><\/span><\/p><ul class=\"font_8 wixui-rich-text__text\"><li class=\"wixui-rich-text__text\"><p class=\"font_8 wixui-rich-text__text\"><span class=\"wixui-rich-text__text\">2012. janu\u00e1r- 2012. november\u00a0<\/span><\/p><\/li><\/ul><p class=\"font_8 wixui-rich-text__text\"><span class=\"wixui-rich-text__text\">K\u00f6lts\u00e9g-hat\u00e9konys\u00e1gi\/eredm\u00e9nyess\u00e9gi elemz\u00e9s \u2013 laparoszk\u00f3pos kolorekt\u00e1lis m\u0171t\u00e9tes ter\u00e1pia. Laparoscopos hasi seb\u00e9szet speci\u00e1lis finansz\u00edroz\u00e1si keretbe val\u00f3 befogad\u00e1sa- k\u00f6lts\u00e9g-hat\u00e9konys\u00e1gi elemz\u00e9s (CEA), szakirodalom elemz\u00e9s, epidemiol\u00f3giai elemz\u00e9s, panelcsoportos kutat\u00e1s<\/span><\/p><p class=\"font_8 wixui-rich-text__text\"><span class=\"wixui-rich-text__text\"><span class=\"wixGuard wixui-rich-text__text\">\u200b<\/span><\/span><\/p><ul class=\"font_8 wixui-rich-text__text\"><li class=\"wixui-rich-text__text\"><p class=\"font_8 wixui-rich-text__text\"><span class=\"wixui-rich-text__text\">2011. szeptember- 2011. december<\/span><\/p><\/li><\/ul><p class=\"font_8 wixui-rich-text__text\"><span class=\"wixui-rich-text__text\">\u00a0Technol\u00f3giaelemz\u00e9s \u2013 Albumindial\u00edzisen alapul\u00f3 szupport\u00edv m\u00e1jp\u00f3tl\u00f3 kezel\u00e9s. A frakcion\u00e1lt plazma szepar\u00e1ci\u00f3 \u00e9s adszorpci\u00f3 (FPSA, Prometheus\u00ae) technol\u00f3giaelemz\u00e9se \u00e9s NEAK finansz\u00edroz\u00e1si\u00a0beadv\u00e1ny\u00e1nak elk\u00e9sz\u00edt\u00e9se \u2013 szakirodalom elemz\u00e9s, kompar\u00e1tor elemz\u00e9s, epidemiol\u00f3giai elemz\u00e9s<\/span><\/p><p class=\"font_8 wixui-rich-text__text\"><span class=\"wixui-rich-text__text\"><span class=\"wixGuard wixui-rich-text__text\">\u200b<\/span><\/span><\/p><ul class=\"font_8 wixui-rich-text__text\"><li class=\"wixui-rich-text__text\"><p class=\"font_8 wixui-rich-text__text\"><span class=\"wixui-rich-text__text\">2009. november- 2010. m\u00e1rcius<\/span><\/p><\/li><\/ul><p class=\"font_8 wixui-rich-text__text\"><span class=\"wixui-rich-text__text\">\u00a0K\u00f6lts\u00e9g-minimaliz\u00e1ci\u00f3s elemz\u00e9s \u2013 ultrahang diagnosztikai elj\u00e1r\u00e1s. A m\u00e1j kontrasztanyagos ultrahang vizsg\u00e1lat\u00e1nak technol\u00f3giaelemz\u00e9se \u00e9s NEAK finansz\u00edroz\u00e1si beadv\u00e1ny\u00e1nak elk\u00e9sz\u00edt\u00e9se \u2013 k\u00f6lts\u00e9g-minimaliz\u00e1ci\u00f3s elemz\u00e9s (CMA), szakirodalom elemz\u00e9s, epidemiol\u00f3giai elemz\u00e9s<\/span><\/p><ul><li style=\"font-weight: 400;\">2024. m\u00e1jus &#8211; j\u00falius<\/li><\/ul><p style=\"font-weight: 400;\">Bari\u00e1triai m\u0171t\u00e9tek eg\u00e9szs\u00e9g-gazdas\u00e1gi vonatkoz\u00e1sai, hat\u00e9konys\u00e1ga \u00e9s k\u00f6lts\u00e9ghat\u00e9konys\u00e1ga \u2013 szakirodalmi \u00e1ttekint\u00e9s k\u00e9sz\u00edt\u00e9se.<\/p><ul><li style=\"font-weight: 400;\">2023. janu\u00e1r &#8211; m\u00e1rcius<\/li><\/ul><p style=\"font-weight: 400;\">MaxioCel\u00ae (chitosan) k\u00f6tszer t\u00e1rsadalombiztos\u00edt\u00e1si k\u00e9relm\u00e9t al\u00e1t\u00e1maszt\u00f3 eg\u00e9szs\u00e9g-gazdas\u00e1gi elemz\u00e9sek \u00e9s k\u00f6lts\u00e9gvet\u00e9si hat\u00e1ssz\u00e1m\u00edt\u00e1sok k\u00e9sz\u00edt\u00e9se. A term\u00e9k 2023. okt\u00f3ber\u00e9t\u0151l befogad\u00e1sra ker\u00fclt.<\/p><ul><li style=\"font-weight: 400;\">2022. \u00e1prilis \u2013 2023. okt\u00f3ber<\/li><\/ul><p style=\"font-weight: 400;\">A MiniMed 740G t\u00edpus\u00fa inzulinpumpa, valamint szint\u00e9n a diab\u00e9tesz ell\u00e1t\u00e1st szolg\u00e1l\u00f3 Guardian 4 t\u00e1vad\u00f3 \u00e9s szenzor \u00a0t\u00e1rsadalombiztos\u00edt\u00e1si befogad\u00e1s\u00e1hoz sz\u00fcks\u00e9ges eg\u00e9szs\u00e9g-gazdas\u00e1gtani elemz\u00e9sek, szakirodalmi \u00e1ttekint\u00e9sek \u00e9s k\u00f6lts\u00e9gvet\u00e9si hat\u00e1selemz\u00e9sek elk\u00e9sz\u00edt\u00e9se. K\u00f6zrem\u0171k\u00f6d\u00e9s a K\u00e9relmek \u00f6ssze\u00e1ll\u00edt\u00e1s\u00e1ban. Az \u00faj gy\u00f3gy\u00e1szati seg\u00e9deszk\u00f6z term\u00e9kek 2023. \u00e9v elej\u00e9n, valamint 2024. \u00e9v elej\u00e9t\u0151l ker\u00fcltek be a NEAK \u00e1ltal biztos\u00edtott k\u00f6zfinansz\u00edroz\u00e1sba.<\/p><ul><li style=\"font-weight: 400;\">j\u00fanius \u2013 2022. november<\/li><\/ul><p style=\"font-weight: 400;\">Hasi daganatos seb\u00e9szet multicentrikus k\u00f6lts\u00e9gelemz\u00e9se \u00e9s javaslatok kidolgoz\u00e1sa az Esetfinansz\u00edroz\u00e1s t\u00f6bb szint\u0171 d\u00edjt\u00e9teleire a NEAK fel\u00e9 a Magyar Seb\u00e9sz T\u00e1rsas\u00e1g (MST) vezet\u00e9s\u00e9nek k\u00f6zrem\u0171k\u00f6d\u00e9s\u00e9vel.<\/p><\/div>\n\t\t\t\t<\/div>\n\t\t\t\t\t\t\t\t<\/div>\n\t\t\t\t<\/div>\n\t\t\t\t<\/div>\n\t\t\t\t<\/div>\n\t\t<div class=\"elementor-element elementor-element-5793bd1 e-con-full e-flex e-con e-child\" data-id=\"5793bd1\" data-element_type=\"container\">\n\t\t\t\t<div class=\"elementor-element elementor-element-d22211a elementor-widget elementor-widget-counter\" data-id=\"d22211a\" data-element_type=\"widget\" data-widget_type=\"counter.default\">\n\t\t\t\t<div class=\"elementor-widget-container\">\n\t\t\t\t\t<div class=\"elementor-counter\">\n\t\t\t\t\t\t<div class=\"elementor-counter-number-wrapper\">\n\t\t\t\t<span class=\"elementor-counter-number-prefix\"><\/span>\n\t\t\t\t<span class=\"elementor-counter-number\" data-duration=\"2000\" data-to-value=\"230\" data-from-value=\"\" data-delimiter=\",\"><\/span>\n\t\t\t\t<span class=\"elementor-counter-number-suffix\">+<\/span>\n\t\t\t<\/div>\n\t\t<\/div>\n\t\t\t\t<\/div>\n\t\t\t\t<\/div>\n\t\t\t\t<div class=\"elementor-element elementor-element-9406949 elementor-widget elementor-widget-heading\" data-id=\"9406949\" data-element_type=\"widget\" data-widget_type=\"heading.default\">\n\t\t\t\t<div class=\"elementor-widget-container\">\n\t\t\t<h2 class=\"elementor-heading-title elementor-size-default\">Publication<\/h2>\t\t<\/div>\n\t\t\t\t<\/div>\n\t\t\t\t<div class=\"elementor-element elementor-element-60a428a elementor-widget__width-initial elementor-widget-tablet__width-inherit elementor-widget elementor-widget-toggle\" data-id=\"60a428a\" data-element_type=\"widget\" data-widget_type=\"toggle.default\">\n\t\t\t\t<div class=\"elementor-widget-container\">\n\t\t\t\t\t<div class=\"elementor-toggle\">\n\t\t\t\t\t\t\t<div class=\"elementor-toggle-item\">\n\t\t\t\t\t<h5 id=\"elementor-tab-title-1011\" class=\"elementor-tab-title\" data-tab=\"1\" role=\"button\" aria-controls=\"elementor-tab-content-1011\" aria-expanded=\"false\">\n\t\t\t\t\t\t\t\t\t\t\t\t<span class=\"elementor-toggle-icon elementor-toggle-icon-right\" aria-hidden=\"true\">\n\t\t\t\t\t\t\t\t\t\t\t\t\t\t\t<span class=\"elementor-toggle-icon-closed\"><svg xmlns=\"http:\/\/www.w3.org\/2000\/svg\" viewbox=\"0 0 12 14\"><path fill-rule=\"evenodd\" clip-rule=\"evenodd\" d=\"M11.304 8.757 6.53 13.53a.75.75 0 0 1-1.06 0L.696 8.757a.75.75 0 1 1 1.06-1.06l3.493 3.492V0h1.5v11.19l3.493-3.493a.75.75 0 0 1 1.06 1.06Z\"><\/path><\/svg><\/span>\n\t\t\t\t\t\t\t\t<span class=\"elementor-toggle-icon-opened\"><svg xmlns=\"http:\/\/www.w3.org\/2000\/svg\" viewbox=\"0 0 12 14\"><path fill-rule=\"evenodd\" clip-rule=\"evenodd\" d=\"M.22 4.993 4.993.22a.75.75 0 0 1 1.06 0l4.773 4.773a.75.75 0 1 1-1.06 1.06L6.273 2.561V13.75h-1.5V2.56L1.28 6.054a.75.75 0 0 1-1.06-1.06Z\"><\/path><\/svg><\/span>\n\t\t\t\t\t\t\t\t\t\t\t\t\t<\/span>\n\t\t\t\t\t\t\t\t\t\t\t\t<a class=\"elementor-toggle-title\" tabindex=\"0\">Books and book chapters<\/a>\n\t\t\t\t\t<\/h5>\n\n\t\t\t\t\t<div id=\"elementor-tab-content-1011\" class=\"elementor-tab-content elementor-clearfix\" data-tab=\"1\" role=\"region\" aria-labelledby=\"elementor-tab-title-1011\"><p>ELS\u0150 SZERZ\u0150<\/p><ul><li>D\u00f3zsa, C. L. (2023). Finansz\u00edroz\u00e1s az eg\u00e9szs\u00e9g\u00fcgyben. In Megel\u0151z\u0151 orvostan \u00e9s n\u00e9peg\u00e9szs\u00e9gtan (pp.<br \/>631\u2013636). Eg\u00e9szs\u00e9g\u00fcgyi szakell\u00e1t\u00e1s. In Megel\u0151z\u0151 orvostan \u00e9s n\u00e9peg\u00e9szs\u00e9gtan<br \/>(pp. 647\u2013653).<\/li><\/ul><ul><li>D\u00f3zsa Cs. Zempl\u00e9nyi Antal A palliat\u00edv ell\u00e1t\u00e1s gazdas\u00e1gi, finansz\u00edroz\u00e1si vonatkoz\u00e1sai. In Palliat\u00edv Ell\u00e1t\u00e1s K\u00e9zik\u00f6nyve. Szerkesztette Csik\u00f3s \u00c1., Medicina kiad\u00f3, 2021.<\/li><\/ul><p>\u200b<\/p><ul><li>D\u00f3zsa Cs. [2019]. Eg\u00e9szs\u00e9g, gazdas\u00e1g. In Eg\u00e9szs\u00e9gesen gy\u00f3gyulni. A centripet\u00e1lis infekci\u00f3kontroll k\u00e9zik\u00f6nyve. Szerkesztette: Barcs I. Semmelweis Kiad\u00f3. ISBN978-963-331-468-5 Budapest, 41-67. old.<\/li><\/ul><p>\u200b<\/p><ul><li>D\u00f3zsa Cs., Szigeti, Sz. [2015]. Hungary. In: Maresso, A. et al. (Eds.) Economic crisis, health systems and health in Europe Country experiences, Observatory Studies Series 41, World Health Organization, European Observatory on Health Systems and Policies: 396-400. 5 old.<\/li><\/ul><p>\u200b<\/p><ul><li>Final Evaluation of the Ambient Assisted Living Joint Programme [2013]. Panel Chair: Busquin, P., Panel Members: Aarts, E., D\u00f3zsa, Cs., Mollenkopf, H., Uusikyl\u00e4, P., Rapporteur: Sharpe, M. European Commission, European Union, 44 old.<\/li><\/ul><p>\u200b<\/p><ul><li>D\u00f3zsa Cs. [2019]. Eg\u00e9szs\u00e9g, gazdas\u00e1g. ln: Eg\u00e9szs\u00e9gesen gy\u00f3gyulni. A centripet\u00e1lis infekci\u00f3kontroll k\u00e9zik\u00f6nyve. Szerkesztette: Barcs I. Semmelweis Kiad\u00f3. ISBN 978-963-331-468-5 Budapest, 41-67. old.<\/li><\/ul><p>\u200b<\/p><ul><li>D\u00f3zsa, Cs., Ecseki, A, Lipt\u00e1k, M., Mihalicza, P. [2010]. A k\u00f3rh\u00e1zak technikai hat\u00e9konys\u00e1g\u00e1nak elemz\u00e9se \u00e9s hazai alkalmaz\u00e1sa.ESKI f\u00fczetek 7., Budapest, ESKI:46 old.<\/li><\/ul><p>\u200b<\/p><ul><li>D\u00f3zsa, Cs. [2010]. Eredm\u00e9nyalap\u00fa forr\u00e1sallok\u00e1ci\u00f3.In: Bodrogi, J. (szerk.) A magyar eg\u00e9szs\u00e9g\u00dcGY \u2013 T\u00e1rsadalmi-gazdas\u00e1gi megfontol\u00e1sok \u00e9s \u00e1gazati v\u00e9lem\u00e9nyt\u00e9rk\u00e9p.Budapest, Semmelweis: 82-123. 41 old.<\/li><\/ul><p>\u200b<\/p><ul><li>D\u00f3zsa, Cs. [2008]. 2006-2007-es \u00e9vek az eg\u00e9szs\u00e9g\u00fcgyben: reformtervek \u00e9s programok kavalk\u00e1dja.: S\u00e1ndor, P., Tolnai, \u00c1., Vass, L. (szerk.) Magyarorsz\u00e1g Politikai \u00c9vk\u00f6nyve 2007.Budapest: Kossuth<\/li><\/ul><p>\u200b<\/p><ul><li>D\u00f3zsa, Cs. [2003]. Sz\u0171r\u00e9sek, onkol\u00f3gia, finansz\u00edroz\u00e1s.In: D\u00f3zsa, Cs,, Sebesty\u00e9n, A. (szerk.) Fej-nyaki daganatok prevenci\u00f3ja \u00e9s ell\u00e1t\u00e1sa. P\u00e9cs: Orsz\u00e1gos Eg\u00e9szs\u00e9gbiztos\u00edt\u00e1si P\u00e9nzt\u00e1r; 81-101<\/li><\/ul><p>\u200b<\/p><ul><li>D\u00f3zsa, Cs. [1995]. Az id\u0151skori szoci\u00e1lis gondoz\u00f3 int\u00e9zm\u00e9nyek.In: K\u00f6tet az Id\u0151sekr\u0151l, Es\u00e9ly F\u00fczetek, Budapest: Es\u00e9ly; 61-88<\/li><\/ul><p>\u200b<\/p><ul><li>D\u00f3zsa, Cs., Greff, K. [1991]. \u00d6nkorm\u00e1nyzati v\u00e1laszt\u00e1s Ver\u0151c\u00e9n, 1990.In: \u00d6nkorm\u00e1nyzati v\u00e1laszt\u00e1sok Magyarorsz\u00e1gon tanulm\u00e1nyk\u00f6tet (a dolgozat TDK m\u00e1sodik d\u00edjat nyert a BKE-en 1991-ben)<\/li><\/ul><p>\u200b<\/p><p>\u200bT\u00c1RSSZERZ\u0150<\/p><ul><li>D\u00f3zsa, Cs., Szigeti, Sz. [2015]. Hungary. In: Maresso, A. et al. (Eds.) Economic crisis, health systems and health in Europe Country experiences. Observatory Studies Series 41, World Health Organization, European Observatory on Health Systems and Policies: 396-400. 5 old.<\/li><\/ul><p>\u200b<\/p><ul><li>Final Evaluation of the Ambient Assisted Living Joint Programme [2013]. Panel Chair: Busquin, P., Panel Members: Aarts, E., D\u00f3zsa, Cs.,Mollenkopf, H., Uusikyl\u00e4, P., Rapporteur: Sharpe, M. European Commission, European Union, 44 old.<\/li><\/ul><p>\u200b<\/p><ul><li>Interim Evaluation of the Ambient Assisted Living Joint Programme [2010]. Panel members: Kuneva, M. (Chair), D\u00f3zsa, Cs.,Mann, E., Miles, I., Parent, AS, Vasconcelos, D., Millard, J. (Rapporteur) European Commission, European Union, 77 old.<\/li><\/ul><p>\u200b<\/p><ul><li>Nagy, J., D\u00f3zsa, Cs.,Boncz, I. [2008]. Experiences With the Application of the DRG Principle in Hungary. In: Kimberly, J., de Pouvourville, G., d\u2019Aunno, T. (Eds.) The Globalization of Management Innovation in Health Care,Cambridge University Press: 284-319. 36 old.<\/li><\/ul><p>\u200b<\/p><ul><li>Kiss, I., Kap\u00f3cs, G., D\u00f3zsa, Cs.(szerk.) [2006]. A sz\u00edv \u00e9s \u00e9rrendszeri betegs\u00e9gek megel\u0151z\u00e9s\u00e9nek \u00e9s gy\u00f3gy\u00edt\u00e1s\u00e1nak nemzeti programja.Budapest: Magyar Orvost\u00e1rsas\u00e1gok \u00e9s Egyes\u00fcletek Sz\u00f6vets\u00e9ge; 77 pp.<\/li><\/ul><p>\u200b<\/p><ul><li>Pik\u00f3, K., Ber\u00e9nyi, T., D\u00f3zsa, Cs., et al. (szerk.) [2006]. A hazai s\u00fcrg\u0151ss\u00e9gi ell\u00e1t\u00e1s fejleszt\u00e9s\u00e9nek programja.El\u00e9rhet\u0151:\u00a0<a href=\"http:\/\/www.aleph.hu\/~motesz\/docs\/surgosseginp.pdf\">http:\/\/www.aleph.hu\/~motesz\/docs\/surgosseginp.pdf<\/a><\/li><\/ul><p>\u200b<\/p><ul><li>Nagy, B., D\u00f3zsa, Cs. [2005]. Az eg\u00e9szs\u00e9gbiztos\u00edt\u00e1s.In: Gul\u00e1csi, L. (szerk.) Eg\u00e9szs\u00e9g-gazdas\u00e1gtan. Budapest: Medicina; 309-347<\/li><\/ul><p>\u200b<\/p><ul><li>Boncz, I., Sebesty\u00e9n, A., P\u00e1l, M., S\u00e1ndor, J., D\u00f3zsa, Cs., Gul\u00e1csi, L. [2005]. A szervezett lakoss\u00e1gi m\u00e9hnyak-, eml\u0151- \u00e9s colorectalis sz\u0171r\u0151vizsg\u00e1latok eg\u00e9szs\u00e9g-gazdas\u00e1gtani vonatkoz\u00e1sai.In: Gul\u00e1csi, L. (szerk.) Eg\u00e9szs\u00e9g-gazdas\u00e1gtan. Budapest: Medicina; 519-538<\/li><\/ul><p>\u200b<\/p><ul><li>Boncz, I., Sebesty\u00e9n, A., D\u00f3zsa, Cs.[2003]. A n\u00e9met \u00e1pol\u00e1sbiztos\u00edt\u00e1si rendszer \u00e9s magyar adapt\u00e1ci\u00f3j\u00e1nak lehet\u0151s\u00e9gei. In: Betlehem, J., Ol\u00e1h, A. (szerk.) \u00c1pol\u00f3i kih\u00edv\u00e1sok a XXI. sz\u00e1zad elej\u00e9n. P\u00e9cs: Magyar \u00c1pol\u00e1studom\u00e1nyi T\u00e1rsas\u00e1g; 18-31<\/li><\/ul><p>\u200b<\/p><ul><li>Orosz, \u00c9., Szende, \u00c1., Kal\u00f3, Z., D\u00f3zsa, Cs.[1995]. \u00c1talakul\u00e1s az eg\u00e9szs\u00e9g\u00fcgyben: az \u00f6nkorm\u00e1nyzati k\u00f3rh\u00e1zak helyzete, alkalmazkod\u00e1si t\u00f6rekv\u00e9sei \u00e9s privatiz\u00e1ci\u00f3s l\u00e9p\u00e9sei. Budapest: Akt\u00edv T\u00e1rs. Alap\u00edtv\u00e1ny; 125 pp.<\/li><\/ul><p>\u200b<\/p><ul><li>Orosz, \u00c9., Szende, \u00c1., Kal\u00f3, Z., D\u00f3zsa, Cs.[1994]. \u00c1talakul\u00e1s az eg\u00e9szs\u00e9g\u00fcgyben \u00e9s K\u00f3rh\u00e1ztanulm\u00e1nyok. ATA; 100-117<\/li><\/ul><p>\u200b<\/p><ul><li>Az Eg\u00e9szs\u00e9g\u00fcgyi Miniszt\u00e9rium szakmai ir\u00e1nyelve az eg\u00e9szs\u00e9g-gazdas\u00e1gtani elemz\u00e9sek k\u00e9sz\u00edt\u00e9s\u00e9hez.Eg\u00e9szs\u00e9g\u00fcgyi K\u00f6zl\u00f6ny, LII(11); (t\u00e1rsszerz\u0151)<\/li><\/ul><p>\u200b<\/p><ul><li>Angol ford\u00edt\u00e1sban megjelent: Szende, \u00c1., Mogyor\u00f3sy, Z., Muszbek, N., Nagy, J., Pallos, G., D\u00f3zsa, Cs. [2002]. Methodological guidelines for conducting economic evaluation of healthcare interventions in Hungary: a Hungarian proposal for methodology standards. Eur J Health Econ, 3(3) 196-205<\/li><\/ul><\/div>\n\t\t\t\t<\/div>\n\t\t\t\t\t\t\t<div class=\"elementor-toggle-item\">\n\t\t\t\t\t<h5 id=\"elementor-tab-title-1012\" class=\"elementor-tab-title\" data-tab=\"2\" role=\"button\" aria-controls=\"elementor-tab-content-1012\" aria-expanded=\"false\">\n\t\t\t\t\t\t\t\t\t\t\t\t<span class=\"elementor-toggle-icon elementor-toggle-icon-right\" aria-hidden=\"true\">\n\t\t\t\t\t\t\t\t\t\t\t\t\t\t\t<span class=\"elementor-toggle-icon-closed\"><svg xmlns=\"http:\/\/www.w3.org\/2000\/svg\" viewbox=\"0 0 12 14\"><path fill-rule=\"evenodd\" clip-rule=\"evenodd\" d=\"M11.304 8.757 6.53 13.53a.75.75 0 0 1-1.06 0L.696 8.757a.75.75 0 1 1 1.06-1.06l3.493 3.492V0h1.5v11.19l3.493-3.493a.75.75 0 0 1 1.06 1.06Z\"><\/path><\/svg><\/span>\n\t\t\t\t\t\t\t\t<span class=\"elementor-toggle-icon-opened\"><svg xmlns=\"http:\/\/www.w3.org\/2000\/svg\" viewbox=\"0 0 12 14\"><path fill-rule=\"evenodd\" clip-rule=\"evenodd\" d=\"M.22 4.993 4.993.22a.75.75 0 0 1 1.06 0l4.773 4.773a.75.75 0 1 1-1.06 1.06L6.273 2.561V13.75h-1.5V2.56L1.28 6.054a.75.75 0 0 1-1.06-1.06Z\"><\/path><\/svg><\/span>\n\t\t\t\t\t\t\t\t\t\t\t\t\t<\/span>\n\t\t\t\t\t\t\t\t\t\t\t\t<a class=\"elementor-toggle-title\" tabindex=\"0\">Journal articles<\/a>\n\t\t\t\t\t<\/h5>\n\n\t\t\t\t\t<div id=\"elementor-tab-content-1012\" class=\"elementor-tab-content elementor-clearfix\" data-tab=\"2\" role=\"region\" aria-labelledby=\"elementor-tab-title-1012\"><p>ELS\u0150 SZERZ\u0150<\/p><ul><li>D\u00f3zsa, C. L., &amp; T\u00f3th, M. (2023a). Az eg\u00e9szs\u00e9g\u00fcgyi rendszer\u00fcnkkel kapcsolatos kih\u00edv\u00e1sok \u2013 1. r\u00e9sz.<br \/>GY\u00d3GYSZERT\u00c1R: A MAG\u00c1NGY\u00d3GYSZER\u00c9SZEK ORSZ\u00c1GOS SZ\u00d6VETS\u00c9G\u00c9NEK KIADV\u00c1NYA,<br \/>22(4), 7\u20139. (2023b). Az eg\u00e9szs\u00e9g\u00fcgyi rendszer\u00fcnkkel kapcsolatos kih\u00edv\u00e1sok \u2013 2. r\u00e9sz. GY\u00d3GYSZERT\u00c1R: A MAG\u00c1NGY\u00d3GYSZER\u00c9SZEK ORSZ\u00c1GOS SZ\u00d6VETS\u00c9G\u00c9NEK KIADV\u00c1NYA, 22(5), 18\u201321.<\/li><\/ul><p>\u00a0<\/p><ul><li>D\u00f3zsa, C. (2023). A szolg\u00e1ltat\u00e1sv\u00e1s\u00e1rl\u00e1s filoz\u00f3fi\u00e1ja. MEDICINA \u00c9VK\u00d6NYV. A MAGYAR<br \/>EG\u00c9SZS\u00c9G\u00dcGY SZ\u00c1MOKBAN: ELL\u00c1T\u00c1S, GAZDAS\u00c1G, INNOV\u00c1CI\u00d3, 2023, 130\u2013131.<\/li><\/ul><p>\u00a0<\/p><ul><li>Cseh, B., Kincses, G., Balogh, Z., &amp; D\u00f3zsa, C. L. (2023). A felfekv\u00e9s (decubitus) ell\u00e1t\u00e1s\u00e1nak \u00e9s<br \/>megel\u0151z\u00e9s\u00e9nek szakmapolitikai megk\u00f6zel\u00edt\u00e9se. ORVOSI HETILAP, 164(21), 821\u2013830.<br \/>http:\/\/doi.org\/10.1556\/650.2023.32761<\/li><\/ul><p>\u00a0<\/p><ul><li>Cseh, B., T\u00f3th, M. \u00c9., &amp; D\u00f3zsa, C. L. (2022). \u00d6sszefoglal\u00f3 tanuls\u00e1gok, trendek \u00e9s aj\u00e1nl\u00e1sok a hazai<br \/>szakemberek \u00e9s d\u00f6nt\u00e9shoz\u00f3k sz\u00e1m\u00e1ra az idei EPUAP konferencia alapj\u00e1n, Pr\u00e1ga 2022 szeptember.<br \/>INFORMATIKA \u00c9S MENEDZSMENT AZ EG\u00c9SZS\u00c9G\u00dcGYBEN, 21(4), 26\u201330.<\/li><\/ul><p>\u00a0<\/p><ul><li>D\u00f3zsa Csaba, Zolt\u00e1n Szeberin, P\u00e9ter S\u00f3tonyi, Bal\u00e1zs Nemes, Zsombor T\u00f3th-Vajna, Rita K\u00f6vi, Petra Fadgyas-Freyler, Gyula Korponai, Adrienn Herczeg [2020] Az amput\u00e1ci\u00f3k ter\u00fcleti gyakoris\u00e1ga t\u00e1rsadalmi \u00e9s ell\u00e1t\u00f3rendszeri \u00f6sszef\u00fcgg\u00e9sben Magyarorsz\u00e1gon 2016\u20132017-ben Orvosi Hetilap Volume\/Issue: Volume 161: Issue 18.\u00a0<\/li><\/ul><p>\u200b<\/p><ul><li>D\u00f3zsa Csaba, Dr. Ruzsovics \u00c1gnes [2019] A telemedicina nemzetk\u00f6zi helyzetismertet\u00e9se \u00e9s a hazai telemedicina program szab\u00e1lyoz\u00e1si \u00e9s finansz\u00edroz\u00e1si kih\u00edv\u00e1sai I. \u00e9s II. r\u00e9sz. Interdiszciplin\u00e1ris magyar eg\u00e9szs\u00e9g\u00fcgy, \u00c9vf. XVIII. m\u00e1jus \u00e9s j\u00fanius, 5-10 oldal.<\/li><\/ul><p>\u200b<\/p><ul><li>D\u00f3zsa Cs., Vellai B. [2018] Labordiagnosztika a kardiol\u00f3gia szolg\u00e1lat\u00e1ban. Interdiszciplin\u00e1ris Magyar Eg\u00e9szs\u00e9g\u00fcgy 17(3): 47-51. 5 old.<\/li><\/ul><p>\u200b<\/p><ul><li>D\u00f3zsa Cs., Ill\u00e9s L., L\u00e1z\u00e1r Gy.,Mohos E., Ailish H., Helter T.,[2018]. Bari\u00e1triai m\u0171t\u00e9tek k\u00f6lts\u00e9g-hasznoss\u00e1g elemz\u00e9se Magyarorsz\u00e1gon. Informatika \u00e9s Menedzsment az Eg\u00e9szs\u00e9g\u00fcgyben (IME), 17(10), 57-62<\/li><\/ul><p>\u200b<\/p><ul><li>D\u00f3zsa Cs., Ill\u00e9s L., Paszt A. ,Mohos E. [2018]. A bari\u00e1triai seb\u00e9szet t\u00e1rsadalombiztos\u00edt\u00e1si finansz\u00edroz\u00e1s\u00e1nak sz\u00fcks\u00e9gess\u00e9ge Magyarorsz\u00e1gon. Informatika \u00e9s Menedzsment az Eg\u00e9szs\u00e9g\u00fcgyben (IME), 17(10), 18-22<\/li><\/ul><p>\u200b<\/p><ul><li>D\u00f3zsa Cs., Vellai B.[2018]. Labordiagnosztika a kardiol\u00f3gia szolg\u00e1lat\u00e1ban. IME 17(3): 47-51. 5 old.<\/li><\/ul><p>\u200b<\/p><ul><li>D\u00f3zsa, Cs., Borcsek, B., T\u00f3th, J. [2016]. Az Eur\u00f3pai Uni\u00f3s forr\u00e1sokb\u00f3l megval\u00f3sul\u00f3 fejleszt\u00e9sek a hazai k\u00f3rh\u00e1zszektorban, 2007-2015. Interdiszciplin\u00e1ris Magyar Eg\u00e9szs\u00e9g\u00fcgy,15(3): 5-10. 6 old.<\/li><\/ul><p>\u200b<\/p><ul><li>D\u00f3zsa, Cs., Malbaski N., S\u00e1ndor J., Ajzner, \u00c9. [2016]. A laborkassza elemz\u00e9se: makrotrendek \u00e9s szakmai programok. Interdiszciplin\u00e1ris Magyar Eg\u00e9szs\u00e9g\u00fcgy, XV. \u00e9vf.Labor k\u00fcl\u00f6nsz\u00e1m: 2-16. 11 old.<\/li><\/ul><p>\u200b<\/p><ul><li>D\u00f3zsa, Cs., Borb\u00e1s, F. [2015]. Az integr\u00e1lt ell\u00e1t\u00e1s koncepcion\u00e1lis keretrendszere \u00e9s az integr\u00e1ci\u00f3 lehet\u0151s\u00e9gei az alapell\u00e1t\u00e1sban.Orvosi Hetilap, 156(22): 881\u2013887. 7 old.<\/li><\/ul><p>\u200b<\/p><ul><li>D\u00f3zsa, Cs., Reiter, J., Bodn\u00e1r, V., Cz\u00e1gler, P., Jo\u00f3, T., Skult\u00e9ty, L., Terpl\u00e1n, Zs. [2015]. K\u00f3rh\u00e1zak strat\u00e9giai tervez\u00e9se \u00e9s Balanced Scorecardjai : az angolsz\u00e1sz, n\u00e9met, spanyol \u00e9s francia nyelvter\u00fcleteken. Eg\u00e9szs\u00e9g\u00fcgyi Gazdas\u00e1gi Szemle53(2): 22-41. 10 old.<\/li><\/ul><p>\u200b<\/p><ul><li>D\u00f3zsa, Cs. [2015]. Strukt\u00farav\u00e1lt\u00e1s EU-s t\u00e1mogat\u00e1ssal: az EU Struktur\u00e1lis Alapjainak felhaszn\u00e1l\u00e1sa a hazai k\u00f3rh\u00e1zszektorban. Eg\u00e9szs\u00e9g\u00fcgyi Gazdas\u00e1gi Szemle, 53(1): 12-27. 16 old.<\/li><\/ul><p>\u200b<\/p><ul><li>D\u00f3zsa, Cs., K\u00f6vi R., Borb\u00e1s, F. [2015]. A fekv\u0151beteg szakell\u00e1t\u00e1s strukt\u00fara-\u00e1talak\u00edt\u00e1s\u00e1nak hat\u00e1sa a j\u00e1r\u00f3beteg szakell\u00e1t\u00e1sra.Informatika \u00e9s Menedzsment az Eg\u00e9szs\u00e9g\u00fcgyben (IME),14(3): 5-10. 6 old.<\/li><\/ul><p>\u200b<\/p><ul><li>D\u00f3zsa, Cs., L\u00e1szl\u00f3, T., Palaticz, E., [2014]. Sok-e vagy kev\u00e9s Magyarorsz\u00e1gon a k\u00f3rh\u00e1zi \u00e1gy? A hazai akt\u00edv fekv\u0151beteg szakell\u00e1t\u00e1s kapacit\u00e1sainak \u00e9s teljes\u00edtm\u00e9ny mutat\u00f3inak elemz\u00e9se nemzetk\u00f6zi kitekint\u00e9sben. Informatika \u00e9s Menedzsment az Eg\u00e9szs\u00e9g\u00fcgyben (IME),13(Eg\u00e9szs\u00e9g-gazdas\u00e1gtani k\u00fcl\u00f6nsz\u00e1m): 17-23. 7 old.<\/li><\/ul><p>\u200b<\/p><ul><li>D\u00f3zsa Csaba [2014]. K\u00f3rh\u00e1zkezel\u00e9s.HVG, 36(27): 72-73. 2 old.<\/li><\/ul><p>\u200b<\/p><ul><li>D\u00f3zsa, Cs., Kreny\u00e1cz, \u00c9., Csik\u00f3s, \u00c1., K\u00f3sa, K. [2013].A hospice-palliat\u00edv ell\u00e1t\u00e1s eg\u00e9szs\u00e9g-gazdas\u00e1gtani megk\u00f6zel\u00edt\u00e9sben. Eg\u00e9szs\u00e9g\u00fcgyi Gazdas\u00e1gi Szemle, 51(2): 22-30. 9 old.<\/li><\/ul><p>\u200b<\/p><ul><li>D\u00f3zsa, Cs. [2012]. Az Eur\u00f3pai Uni\u00f3s fejleszt\u00e9sek: NFT II. \u2013 Kapuz\u00e1r\u00e1s\u00a0el\u0151tti kasszas\u00f6pr\u00e9s. Informatika \u00e9s Menedzsment az Eg\u00e9szs\u00e9g\u00fcgyben (IME),9(6): 20-26. 7 old.<\/li><\/ul><p>\u200b<\/p><ul><li>D\u00f3zsa, Cs. [2012]. A spont\u00e1n \u00e1llamos\u00edt\u00e1s kock\u00e1zatai \u00e9s lehet\u0151s\u00e9gei, avagy mi v\u00e1rhat\u00f3 a rendszer \u00e1talak\u00edt\u00e1s\u00e1r\u00f3l?Informatika \u00e9s Menedzsment az Eg\u00e9szs\u00e9g\u00fcgyben (IME),9(3): 5-12. 8 old.<\/li><\/ul><p>\u200b<\/p><ul><li>D\u00f3zsa, Cs., Ecseki, A. [2012]. F\u00f3kuszban a hazai k\u00f3rh\u00e1zszektor: a hat\u00e9konys\u00e1g m\u00e9r\u00e9s\u00e9nek lehet\u0151s\u00e9gei \u00e9s korl\u00e1tai a Data Envelopement Analysis (DEA) m\u00f3dszertan alkalmaz\u00e1s\u00e1val.Eg\u00e9szs\u00e9g\u00fcgyi Gazdas\u00e1gi Szemle,50(2) Eg\u00e9szs\u00e9g\u00fcgyi rendszer Teljes\u00edtm\u00e9ny\u00e9rt\u00e9kel\u00e9s I. r\u00e9sz:25-32. 8 old.<\/li><\/ul><p>\u200b<\/p><ul><li>D\u00f3zsa, Cs. [2011]. Az OEP szolg\u00e1ltat\u00e1sv\u00e1s\u00e1rl\u00f3i \u00e9s biztos\u00edt\u00f3i szerep\u00e9nek er\u0151s\u00edt\u00e9se.Eg\u00e9szs\u00e9g\u00fcgyi Gazdas\u00e1gi Szemle, 49(4) Biztos\u00edt\u00e1s az eg\u00e9szs\u00e9g\u00fcgyben I. r\u00e9sz: 14-19. 6 old.<\/li><\/ul><p>\u200b<\/p><ul><li>D\u00f3zsa, Cs. [2011]. Strukt\u00fara-v\u00e1lt\u00e1s az eg\u00e9szs\u00e9g\u00fcgyben \u2013 a k\u00f3rh\u00e1zak strat\u00e9giai mozg\u00e1stere a 2000-es \u00e9vekben. Informatika \u00e9s Menedzsment az Eg\u00e9szs\u00e9g\u00fcgyben (IME), 10(3): 22-28. 7 old.<\/li><\/ul><p>\u200b<\/p><ul><li>D\u00f3zsa, Cs. [2011]. A hazai k\u00f3rh\u00e1zak csoportos\u00edt\u00e1sa klaszterelemz\u00e9ssel, 2006-2009. Eg\u00e9szs\u00e9g\u00fcgyi Gazdas\u00e1gi Szemle, 49(1): 14-26. 13 old.<\/li><\/ul><p>\u200b<\/p><ul><li>D\u00f3zsa, Cs., Ecseki A. [2011]. A hazai k\u00f3rh\u00e1zak hat\u00e9konys\u00e1g\u00e1nak elemz\u00e9se a Data Envelopment Analysis (DEA) m\u00f3dszer\u00e9nek alkalmaz\u00e1s\u00e1val.Informatika \u00e9s Menedzsment az Eg\u00e9szs\u00e9g\u00fcgyben (IME),10(Eg\u00e9szs\u00e9g-gazdas\u00e1gtani k\u00fcl\u00f6nsz\u00e1m): 22-29. 8 old.<\/li><\/ul><p>\u200b<\/p><ul><li>D\u00f3zsa, Cs., K\u00f6vi, R., Ecseki, A. [2010]. V\u00e1ltoz\u00e1sok az akt\u00edv fekv\u0151beteg-szakell\u00e1t\u00e1s egyes szakmacsoportjaiban az ut\u00f3bbi 10 \u00e9vben I-II. r\u00e9sz.Informatika \u00e9s Menedzsment az Eg\u00e9szs\u00e9g\u00fcgyben (IME), 9(5), 15-19 5 old.; 9(9): 13-18. 6 old.<\/li><\/ul><p>\u200b<\/p><ul><li>D\u00f3zsa, Cs. [2009]. Kr\u00f3nikus betegs\u00e9g-gondoz\u00e1si programok Eur\u00f3p\u00e1ban.Informatika \u00e9s Menedzsment az Eg\u00e9szs\u00e9g\u00fcgyben (IME), 8(6): 26-30. 5 old.<\/li><\/ul><p>\u200b<\/p><ul><li>D\u00f3zsa, Cs., Borcsek, B. [2008]. Az otthoni szak\u00e1pol\u00e1s k\u00f6z\u00e9pt\u00e1v\u00fa fejleszt\u00e9si koncepci\u00f3ja \u00e9s strat\u00e9gi\u00e1ja.Otthon\u00e1pol\u00e1si Magazin,6(1): 5-21. 17 old.<\/li><\/ul><p>\u200b<\/p><ul><li>D\u00f3zsa, Cs., Borcsek, B., Pusztai, E. [2008]. Az orvostechnikai eszk\u00f6z\u00f6k \u00e9s elj\u00e1r\u00e1sok (eg\u00e9szs\u00e9g\u00fcgyi technol\u00f3gi\u00e1k) biztos\u00edt\u00e1si t\u00e1mogat\u00e1sba t\u00f6rt\u00e9n\u0151 befogad\u00e1s\u00e1nak \u00e9s fel\u00fclvizsg\u00e1lat\u00e1nak elj\u00e1r\u00e1s\u00e1r\u00f3l sz\u00f3l\u00f3 rendelet koncepci\u00f3j\u00e1nak kidolgoz\u00e1sa.Informatika \u00e9s Menedzsment az Eg\u00e9szs\u00e9g\u00fcgyben (IME), 7(6), 15-21<\/li><\/ul><p>\u200b<\/p><ul><li>D\u00f3zsa, Cs., Kiss, Zs., Nagy, J., Kerekesn\u00e9 Ketzer, \u00c9., Borcsek, B. [2007]. A kemoter\u00e1pi\u00e1s kezel\u00e9sek \u00faj, k\u00f6lts\u00e9ghat\u00e9kony ell\u00e1t\u00e1st t\u00e1mogat\u00f3 finansz\u00edroz\u00e1si rendszer\u00e9nek kialak\u00edt\u00e1sa Magyarorsz\u00e1gon.Informatika \u00e9s Menedzsment az Eg\u00e9szs\u00e9g\u00fcgyben (IME), 6(1 ksz.: Eg\u00e9szs\u00e9g-gazdas\u00e1gtani k\u00fcl\u00f6nsz\u00e1m), 25-31<\/li><\/ul><p>\u200b<\/p><ul><li>D\u00f3zsa, Cs., D\u00e9rer, I., Boncz, I., Tak\u00e1cs, E. [2006]. Az OEP szolg\u00e1ltat\u00e1sv\u00e1s\u00e1rl\u00f3i \u00e9s biztos\u00edt\u00f3i szerep\u00e9nek er\u0151s\u00edt\u00e9se, mint a magyar eg\u00e9szs\u00e9g\u00fcgyi rendszer reformj\u00e1nak egyik fontos eszk\u00f6ze: 2. r.Informatika \u00e9s Menedzsment az Eg\u00e9szs\u00e9g\u00fcgyben (IME), 5(8), 5-16<\/li><\/ul><p>\u200b<\/p><ul><li>D\u00f3zsa, Cs., D\u00e9rer, I., Tak\u00e1cs, E., Bodn\u00e1r, V. [2006]. Az OEP szolg\u00e1ltat\u00e1sv\u00e1s\u00e1rl\u00f3i szerep\u00e9nek er\u0151s\u00edt\u00e9se: 1. [r.], A m\u0171k\u00f6d\u00e9s korszer\u0171s\u00edt\u00e9s\u00e9nek lehet\u0151s\u00e9gei.Informatika \u00e9s Menedzsment az Eg\u00e9szs\u00e9g\u00fcgyben (IME), 5(4), 5-21<\/li><\/ul><p>\u200b<\/p><ul><li>D\u00f3zsa, Cs. [2005]. A finansz\u00edroz\u00e1si technik\u00e1k alkalmaz\u00e1s\u00e1nak tapasztalatai \u00e9s \u00f6szt\u00f6nz\u0151 hat\u00e1sai a hazai eg\u00e9szs\u00e9g\u00fcgyi szolg\u00e1ltat\u00e1sok k\u00f6zfinansz\u00edroz\u00e1s\u00e1ban.Informatika \u00e9s Menedzsment az Eg\u00e9szs\u00e9g\u00fcgyben (IME), 4(4), 18-22<\/li><\/ul><p>\u200b<\/p><ul><li>D\u00f3zsa, Cs. [2004]. \u201cAgressz\u00edv\u201d HBCS politika Magyarorsz\u00e1gon: k\u00e9rd\u00e9sek \u00e9s v\u00e1laszok a HBCS rendszer m\u0171k\u00f6d\u00e9s\u00e9vel \u00e9s j\u00f6v\u0151j\u00e9vel kapcsolatban.Informatika \u00e9s Menedzsment az Eg\u00e9szs\u00e9g\u00fcgyben (IME), 3(4), 14-20<\/li><\/ul><p>\u200b<\/p><ul><li>D\u00f3zsa, Cs., Gresz, M., Borcsek, B., S\u00e1ntha, K. Boncz, I. [2004]. A s\u00fcrg\u0151ss\u00e9gi ell\u00e1t\u00f3rendszer \u00e1talak\u00edt\u00e1s\u00e1nak koncepci\u00f3ja.Eg\u00e9szs\u00e9g\u00fcgyi Gazdas\u00e1gi Szemle, 42(5), 5-16<\/li><\/ul><p>\u200b<\/p><ul><li>D\u00f3zsa, Cs. [2004]. HBCS verzi\u00f3friss\u00edt\u00e9s 4.3-r\u00f3l 5.0-ra: a 2004. \u00e9vi teljes\u00edtm\u00e9nyfinansz\u00edroz\u00e1s c\u00e9lkit\u0171z\u00e9sei.K\u00f3rh\u00e1z, 11(6), 16-18<\/li><\/ul><p>\u200b<\/p><ul><li>D\u00f3zsa, Cs., Nagy, B., Borsos, K., Muszbek, N., Boncz, I. [2003]. Az eg\u00e9szs\u00e9g\u00fcgy-gazdas\u00e1gtan aktu\u00e1lis k\u00e9rd\u00e9sei.Informatika \u00e9s Menedzsment az Eg\u00e9szs\u00e9g\u00fcgyben (IME), 2(7), 24-29.<\/li><\/ul><p>\u200b<\/p><ul><li>D\u00f3zsa, Cs., Borcsek, B., Boncz, I. [2003]. Az Eg\u00e9szs\u00e9gbiztos\u00edt\u00e1si Alap bev\u00e9teli \u00e9s kiad\u00e1si oldal\u00e1nak elemz\u00e9se 1994-2002.Eg\u00e9szs\u00e9g\u00fcgyi Gazdas\u00e1gi Szemle, 41(5), 9-16<\/li><\/ul><p>\u200b<\/p><ul><li>D\u00f3zsa, Cs. [2003]. Az OEP finansz\u00edroz\u00e1si elk\u00e9pzel\u00e9sei \u00e9s egy\u00e9b t\u00e9velyg\u00e9sek: X. Jubileumi Eg\u00e9szs\u00e9g\u00fcgyi Napok, Si\u00f3fok, 2003. m\u00e1jus 30.: 1-2. r.Recept, 14 (6\/7, 8), 4-7\/4-12<\/li><\/ul><p>\u200b<\/p><ul><li>D\u00f3zsa, Cs., Kisbenedekn\u00e9 Guly\u00e1s, K., Borcsek, B. [2003]. Az otthoni szak\u00e1pol\u00e1s hat\u00e9ves fejl\u0151d\u00e9se eg\u00e9szs\u00e9gbiztos\u00edt\u00e1si szemmel.\u00c1pol\u00e1s\u00fcgy,16(2), 16-22<\/li><\/ul><p>\u00a0<\/p><p>T\u00c1RSSZERZ\u0150<\/p><ul><li>Horv\u00e1th, K., T\u00fari, G., Kaposv\u00e1ri, C., Cseh, B., &amp; D\u00f3zsa, C. L. (2023). Challenges and opportunities for<br \/>improvement in the management and financing system of Health Promotion Offices in Hungary.<br \/>FRONTIERS IN PUBLIC HEALTH, 11. http:\/\/doi.org\/10.3389\/fpubh.2023.1219186<\/li><\/ul><p>\u00a0<\/p><ul><li>Kraus, M., Stegner, C., Reiss, M., Riedel, M., B\u00f8rsch, A. S., Vrangbaek, K., \u2026 Czypionka, T. (2023).<br \/>The role of primary care during the pandemic: shared experiences from providers in five European<br \/>countries. BMC HEALTH SERVICES RESEARCH, 23(1). http:\/\/doi.org\/10.1186\/s12913-023-09998-0<\/li><\/ul><p>\u00a0<\/p><ul><li>Porkol\u00e1b, G., &amp; D\u00f3zsa, C. L. (2023). A magyarorsz\u00e1gi palliat\u00edv \u00e9s hospice ell\u00e1t\u00e1s \u00faj eleme, a debreceni<br \/>Hospice-Palliat\u00edv Ter\u00e1pi\u00e1s Oszt\u00e1ly. EG\u00c9SZS\u00c9G\u00dcGYI INNOV\u00c1CI\u00d3S SZEMLE, 2(1), 48\u201357.<\/li><\/ul><p>\u00a0<\/p><ul><li>Kov\u00e1cs, G., Mohos, E., Kis, J. T., Tab\u00e1k, \u00c1., Gerendy, P., D\u00f3zsa, C., \u2026 Kal\u00f3, Z. (2023). A bari\u00e1triai<br \/>m\u0171t\u00e9tek eg\u00e9szs\u00e9gpolitikai szerepe a 2-es t\u00edpus\u00fa cukorbetegs\u00e9gben szenved\u0151 elh\u00edzott betegek ell\u00e1t\u00e1s\u00e1ban.<br \/>INFORMATIKA \u00c9S MENEDZSMENT AZ EG\u00c9SZS\u00c9G\u00dcGYBEN, 22(3), 12\u201320.<br \/>http:\/\/doi.org\/10.53020\/IME-2023-302<\/li><\/ul><p>\u00a0<\/p><ul><li>Cseh B., D\u00f3zsa Cs. [2016] \u00c1tmeneti ell\u00e1t\u00e1sok \u2013 a bentlak\u00e1sos szoci\u00e1lis int\u00e9zm\u00e9nyek keret\u00e9n bel\u00fcl v\u00e9gzett tev\u00e9kenys\u00e9gek \u00e9s az ehhez kapcsol\u00f3d\u00f3 eg\u00e9szs\u00e9g\u00fcgyi sz\u00fcks\u00e9gletek elemz\u00e9se.Interdiszciplin\u00e1ris Magyar Eg\u00e9szs\u00e9g\u00fcgy (IME),16(6): 24-29. 6 old.<\/li><\/ul><p>\u200b<\/p><ul><li>Remetehegyi I., D\u00f3zsa Cs.,N\u00e9meth \u00c9. [2016]. N\u00e9peg\u00e9szs\u00e9g\u00fcgy az eg\u00e9szs\u00e9g\u00fcgyben \u2013 Az Eg\u00e9szs\u00e9gfejleszt\u00e9si Irod\u00e1k fennmarad\u00e1s\u00e1nak k\u00e9rd\u00e9sei.Interdiszciplin\u00e1ris Magyar Eg\u00e9szs\u00e9g\u00fcgy (IME),15(1): 36-40. 5 old.<\/li><\/ul><p>\u200b<\/p><ul><li>Gresz, M, Borb\u00e1s, F., D\u00f3zsa, Cs. [2016]. A hossz\u00fa t\u00e1v\u00fa ell\u00e1t\u00e1sok kapacit\u00e1s- \u00e9s ig\u00e9nybev\u00e9teli adatainak elemz\u00e9se \u2013 \u00fattalan utakon\u2026Interdiszciplin\u00e1ris Magyar Eg\u00e9szs\u00e9g\u00fcgy (IME), 15(2) 2. sz\u00e1m, 63-67. oldal 5 old.<\/li><\/ul><p>\u200b<\/p><ul><li>K\u0151v\u00e1ri, O., D\u00f3zsa, Cs., P\u00e1l, M. [2015]. A laborkassza helyzete Magyarorsz\u00e1gon.Informatika \u00e9s Menedzsment az Eg\u00e9szs\u00e9g\u00fcgyben (IME),14(8): 14-19. 6 old.<\/li><\/ul><p>\u200b<\/p><ul><li>P\u00e1ll, N., Kov\u00e1ts, T., K\u00f6vi, R., D\u00f3zsa, Cs.,Pollner, P. [2014]. Cs\u00edp\u0151prot\u00e9zis \u00e9s mozaikplasztika beavatkoz\u00e1sok eredm\u00e9nyess\u00e9ge Magyarorsz\u00e1gon. Informatika \u00e9s Menedzsment az Eg\u00e9szs\u00e9g\u00fcgyben (IME), 13(Eg\u00e9szs\u00e9g-gazdas\u00e1gtani k\u00fcl\u00f6nsz\u00e1m): 43-46. 4 old.<\/li><\/ul><p>\u200b<\/p><ul><li>Malbaski, N., D\u00f3zsa, Cs.[2014]. Hogyan tov\u00e1bb Eg\u00e9szs\u00e9gfejleszt\u00e9si Irod\u00e1k, azaz mennyi az annyi? Informatika \u00e9s Menedzsment az Eg\u00e9szs\u00e9g\u00fcgyben (IME),13(10): 5-11. 7 old.<\/li><\/ul><p>\u200b<\/p><ul><li>Gresz, M., Farkas-Borb\u00e1s, F., D\u00f3zsa, Cs. [2016]. A hossz\u00fa t\u00e1v\u00fa ell\u00e1t\u00e1sok kapacit\u00e1s- \u00e9s ig\u00e9nybev\u00e9teli adatainak elemz\u00e9se \u2013 \u00fattalan utakon\u2026 IME, 2016. XV. \u00e9vfolyam 2. sz\u00e1m, 63-67. oldal.<\/li><\/ul><p>\u200b<\/p><ul><li>Gresz M., Borb\u00e1s F, Csord\u00e1s A., D\u00f3zsa, Cs.[2012]. A hossz\u00fa t\u00e1v\u00fa ell\u00e1t\u00e1sok kapacit\u00e1s- \u00e9s ig\u00e9nybev\u00e9teli adatainak elemz\u00e9se: Elemz\u00e9si javaslatok az id\u0151sell\u00e1t\u00e1s \u00e9s az \u00e1tmeneti ell\u00e1t\u00e1sok t\u00e9mak\u00f6r\u00e9re.Informatika \u00e9s Menedzsment az Eg\u00e9szs\u00e9g\u00fcgyben (IME)13(2): 7-12. 5 old.<\/li><\/ul><p>\u200b<\/p><ul><li>Moizs, M., Bajzik, G., Malbaski, N., De\u00e9, K., Lelovics, Zs., D\u00f3zsa, Cs.; Strausz J\u00e1nos; Repa Imre. [2012]. A t\u00fcd\u0151r\u00e1k-sz\u0171r\u00e9s \u00fajragondol\u00e1sa: eg\u00e9szs\u00e9g-gazdas\u00e1gtani k\u00e9rd\u00e9sek \u00e9s megfontol\u00e1sok. Eg\u00e9szs\u00e9g\u00fcgyi Gazdas\u00e1gi Szemle, 50(5-6): 2-8. 7 old.<\/li><\/ul><p>\u200b<\/p><ul><li>Moizs, M., Malbaski N.,\u00a0 Bajzik, G., Borcsek, B., De\u00e9, K., Lelovics, Zs., D\u00f3zsa, Cs.; Strausz, J., Repa, I. [2012]. Az alacsony d\u00f3zis\u00fa CT-vel t\u00f6rt\u00e9n\u0151 t\u00fcd\u0151r\u00e1k-sz\u0171r\u00e9s hazai bevezethet\u0151s\u00e9g\u00e9nek eg\u00e9szs\u00e9g-gazdas\u00e1gtani megfontol\u00e1sai \u00e9s a vizsg\u00e1latok kezdeti l\u00e9p\u00e9sei. Informatika \u00e9s Menedzsment az Eg\u00e9szs\u00e9g\u00fcgyben (IME), 11(10): 56-62. 7 old.<\/li><\/ul><p>\u200b<\/p><ul><li>Kreny\u00e1cz, \u00c9., Benedek, Zs., D\u00f3zsa, Cs.[2011]. A hazai k\u00f3rh\u00e1zi s\u00fcrg\u0151ss\u00e9gi ell\u00e1t\u00e1s gazd\u00e1lkod\u00e1si \u00e9s kontrolling lehet\u0151s\u00e9gei.Informatika \u00e9s Menedzsment az Eg\u00e9szs\u00e9g\u00fcgyben (IME),10(6): 24-30. 7 old.<\/li><\/ul><p>\u200b<\/p><ul><li>Szalain\u00e9 Cseh, B., D\u00f3zsa Cs.[2011]. A MOFETTA kezel\u00e9s \u2013 a kiakn\u00e1zatlan nemzeti kincs. Informatika \u00e9s Menedzsment az Eg\u00e9szs\u00e9g\u00fcgyben (IME), 10(1): 45-49. 5 old.<\/li><\/ul><p>\u200b<\/p><ul><li>\u00c1d\u00e1ny, R., Boncz, I., D\u00f3zsa Cs., Kozmann, Gy., Nagymajt\u00e9nyi, L., S\u00e1ndor, J., Tompa, A.,\u00a0 Kov\u00e1cs, A. [2010]. Az eg\u00e9szs\u00e9g-monitoring rendszer fejleszt\u00e9s\u00e9nek sz\u00fcks\u00e9gess\u00e9ge \u00e9s lehet\u0151s\u00e9ge Magyarorsz\u00e1gon. \u00a0N\u00e9peg\u00e9szs\u00e9g\u00fcgy, 87(4): 284-290. 7 old.<\/li><\/ul><p>\u200b<\/p><ul><li>Malbaski, N., D\u00f3zsa, Cs., Borcsek, B., Kreny\u00e1cz, \u00c9. [2009]. A Region\u00e1lis Eg\u00e9szs\u00e9g\u00fcgyi Tan\u00e1csok \u00e1ltal k\u00e9sz\u00edtend\u0151 kapacit\u00e1stanulm\u00e1nyok metodik\u00e1ja: az eg\u00e9szs\u00e9g\u00fcgyi szakell\u00e1t\u00f3 rendszerek bemutat\u00e1sa \u00e9s javaslat a fejleszt\u00e9si ir\u00e1nyvonalakra. Informatika \u00e9s Menedzsment az Eg\u00e9szs\u00e9g\u00fcgyben(IME), 7(8): 20-24. 5 old.<\/li><\/ul><p>\u200b<\/p><ul><li>Nagy, B., Brandtm\u00fcller, \u00c1., D\u00f3zsa, Cs.[2009]. Az \u00e1llam \u00fajraeloszt\u00f3 szerepe Hollandia \u00e9s Anglia eg\u00e9szs\u00e9g\u00fcgyi piac\u00e1n : Mindenki m\u00e1sk\u00e9pp csin\u00e1lja? T\u00e1rsadalomkutat\u00e1s: a Magyar Tudom\u00e1nyos Akad\u00e9mia Gazdas\u00e1g- \u00e9s Jogtudom\u00e1nyok Oszt\u00e1ly\u00e1nak foly\u00f3irata, 27(2): 117-138. 22 old.<\/li><\/ul><p>\u200b<\/p><ul><li>Borcsek, B., D\u00f3zsa, Cs.[2008]. \u00d6sszefoglal\u00f3 az IME III. Region\u00e1lis Eg\u00e9szs\u00e9g\u00fcgyi Konferenci\u00e1j\u00e1nak \u201cTer\u00fcleti egy\u00fcttm\u0171k\u00f6d\u00e9sek \u2013 szervez\u0151d\u00e9sek szolg\u00e1ltat\u00e1si szinten\u201d blokkj\u00e1b\u00f3l. Informatika \u00e9s Menedzsment az Eg\u00e9szs\u00e9g\u00fcgyben (IME), 7(2), 28-30<\/li><\/ul><p>\u200b<\/p><ul><li>Kreny\u00e1cz, \u00c9., D\u00f6br\u0151ssy, L., Gul\u00e1csi, L., D\u00f3zsa, Cs.[2007]. Gyakoribb daganatos megbeteged\u00e9sek t\u00e1rsadalmi betegs\u00e9gterhe Magyarorsz\u00e1gon. Informatika \u00e9s Menedzsment az Eg\u00e9szs\u00e9g\u00fcgyben (IME),6(8), 41-44<\/li><\/ul><p>\u200b<\/p><ul><li>\u00c9rsek, K., Csillik, G., D\u00f3zsa, Cs., Gul\u00e1csi, L., K\u00e1rp\u00e1ti, Zs., M\u00e9sz\u00e1ros, K., \u00d6sterle, A. [2007]. A v\u00e1rhat\u00f3 \u201cdemogr\u00e1fiai cunami\u201d kezel\u00e9s\u00e9nek lehet\u0151s\u00e9ge.Szoci\u00e1lis Menedzser, 9(6), 15-24.<\/li><\/ul><p>\u200b<\/p><ul><li>\u00c9rsek, K., M\u00e9sz\u00e1ros, K., D\u00f3zsa, Cs., Gul\u00e1csi, L., \u00d6sterle, A., Csillik, G., K\u00e1rp\u00e1ti, Zs. [2007]. A v\u00e1rhat\u00f3 \u201cdemogr\u00e1fiai cunami\u201d kezel\u00e9s\u00e9nek lehet\u0151s\u00e9gei.Informatika \u00e9s Menedzsment az Eg\u00e9szs\u00e9g\u00fcgyben (IME), 6(1 ksz.: Eg\u00e9szs\u00e9g-gazdas\u00e1gtani k\u00fcl\u00f6nsz\u00e1m), 32-40<\/li><\/ul><p>\u200b<\/p><ul><li>Sebesty\u00e9n, A., Boncz, I., Farkas, G., D\u00f3zsa, Cs., S\u00e1ndor, J., Ny\u00e1r\u00e1dy, J. [2007]. Hatvan \u00e9vn\u00e9l fiatalabb medialis combnyakt\u00f6r\u00f6tt betegek primer m\u0171t\u00e9t\u00e9t k\u00f6vet\u0151 tov\u00e1bbi ell\u00e1t\u00e1sok \u00e9rt\u00e9kel\u00e9se az els\u0151 k\u00e9t \u00e9vben.Magyar Traumatol\u00f3gia, Ortop\u00e9dia, K\u00e9zseb\u00e9szet \u00e9s Plasztikai Seb\u00e9szet, 50(2), 95-106<\/li><\/ul><p>\u200b<\/p><ul><li>Brandtm\u00fcller, \u00c1., K\u00e1rp\u00e1ti, K., M\u00e1jer, I., Boncz, I., D\u00f3zsa, Cs., P\u00e9kli, M., Gul\u00e1csi, L. [2006]. K\u00f6lts\u00e9g-hat\u00e9konys\u00e1gi finansz\u00edroz\u00e1si k\u00fcsz\u00f6b alkalmaz\u00e1sa a gyakorlatban \u2013 nemzetk\u00f6zi kitekint\u00e9s.Informatika \u00e9s Menedzsment az Eg\u00e9szs\u00e9g\u00fcgyben (IME), 5(3), 6-13<\/li><\/ul><p>\u200b<\/p><ul><li>Brandtm\u00fcller, \u00c1., K\u00e1rp\u00e1ti, K., M\u00e1jer, I., Boncz, I., D\u00f3zsa, Cs., P\u00e9kli, M., Gul\u00e1csi, L. [2006]. K\u00f6lts\u00e9ghat\u00e9konys\u00e1gi k\u00fcsz\u00f6b\u00e9rt\u00e9k \u00e9s eg\u00e9szs\u00e9g\u00fcgyi technol\u00f3gi\u00e1k finansz\u00edroz\u00e1si d\u00f6nt\u00e9seiben.Eg\u00e9szs\u00e9g\u00fcgyi Gazdas\u00e1gi Szemle,44(2), 18-24<\/li><\/ul><p>\u200b<\/p><ul><li>Gyenes, M., D\u00f3zsa, Cs., Bal\u00e1zs, P. [2006]. A fog\u00e1szati prevenci\u00f3 helyzete Magyarorsz\u00e1gon II.Eg\u00e9szs\u00e9g\u00fcgyi Gazdas\u00e1gi Szemle, 44(1) 48-52<\/li><\/ul><p>\u200b<\/p><ul><li>Sebesty\u00e9n, A., Boncz, I., D\u00f3zsa, Cs., T\u00f3th, F., V\u00e1mhidy, L. [2006]. Replant\u00e1ci\u00f3k finansz\u00edroz\u00e1si aspektusb\u00f3l. Magyar Traumatol\u00f3gia, Ortop\u00e9dia, K\u00e9zseb\u00e9szet \u00e9s Plasztikai Seb\u00e9szet, 49(1), 47-55<\/li><\/ul><p>\u200b<\/p><ul><li>Nagy, B., Falusi, Zs., Boncz, I., D\u00f3zsa, Cs., Gerendy, P. [2005]. A m\u0171vesekezeltek ell\u00e1t\u00e1sa Magyarorsz\u00e1gon, 2000-2003.Eg\u00e9szs\u00e9g\u00fcgyi Gazdas\u00e1gi Szemle, 43(5), 32-37<\/li><\/ul><p>\u200b<\/p><ul><li>Gyenes, M., D\u00f3zsa, Cs., Bal\u00e1zs, P. [2005]. A fog\u00e1szati prevenci\u00f3 helyzete Eur\u00f3p\u00e1ban: 1. r.Eg\u00e9szs\u00e9g\u00fcgyi Gazdas\u00e1gi Szemle, 43(5), 20-28<\/li><\/ul><p>\u200b<\/p><ul><li>Boncz, I., Sebesty\u00e9n, A., D\u00f6br\u00f6ssy, L., P\u00e9ntek, Z., Kov\u00e1cs, A., D\u00f3zsa, Cs., Budai, A., Ember, I. [2005]. A szervezett eml\u0151sz\u0171r\u00e9si program 2002-2003. \u00e9vi r\u00e9szv\u00e9teli ar\u00e1nyai \u00e9s a program hat\u00e1sa a diagnosztikus \u00e9s sz\u0171r\u00e9si c\u00e9l\u00fa mammogr\u00e1fi\u00e1k sz\u00e1m\u00e1ra.Orvosi Hetilap:, 146(38), 1963-1970<\/li><\/ul><p>\u200b<\/p><ul><li>Boncz, I., D\u00f3zsa, Cs., Ember, I., Hoffer, G., Sebesty\u00e9n, A., [2005]. A 2002. \u00e9vi szervezett lakoss\u00e1gi eml\u0151sz\u0171r\u00e9s monitoroz\u00e1s\u00e1nak eredm\u00e9nyei.Magyar Onkol\u00f3gia, 49(2), 109-115<\/li><\/ul><p>\u200b<\/p><ul><li>Boncz, I., D\u00f3zsa, Cs.[2004]. A m\u00e9hnyakr\u00e1k n\u00e9peg\u00e9szs\u00e9g\u00fcgyi c\u00e9l\u00fa sz\u0171r\u00e9s\u00e9nek el\u0151zetes finansz\u00edroz\u00f3i \u00e9rt\u00e9kel\u00e9se. Informatika \u00e9s Menedzsment az Eg\u00e9szs\u00e9g\u00fcgyben (IME), 3(10), 9-11<\/li><\/ul><p>\u200b<\/p><ul><li>Gresz, M., D\u00f3zsa, Cs.[2004]. Az extrafinansz\u00edroz\u00e1si k\u00e9relmek a hazai k\u00f3rh\u00e1z-finansz\u00edroz\u00e1sban: reflexi\u00f3k Zakari\u00e1s Imre \u00e9s dr. P\u00e1szt\u00e9lyi Zsolt cikk\u00e9re. Informatika \u00e9s Menedzsment az Eg\u00e9szs\u00e9g\u00fcgyben (IME), 3(1), 5-8<\/li><\/ul><p>\u200b<\/p><ul><li>Nagy, B., D\u00f3zsa, Cs., Boncz, I. [2004]. A fejkv\u00f3tasz\u00e1m\u00edt\u00e1s tov\u00e1bbfejleszt\u00e9s\u00e9nek lehet\u0151s\u00e9gei az ir\u00e1ny\u00edtott betegell\u00e1t\u00e1si rendszerben.Eg\u00e9szs\u00e9g\u00fcgyi Gazdas\u00e1gi Szemle, 42(2), 15-24<\/li><\/ul><p>\u200b<\/p><ul><li>Tak\u00e1cs, E., D\u00f3zsa, Cs., Gresz, M. [2004]. Modell 2, bel\u00e9p\u00e9si pont csak 1 lehet: a s\u00fcrg\u0151ss\u00e9gi betegell\u00e1t\u00e1s a k\u00f3rh\u00e1zi menedzsment szemsz\u00f6g\u00e9b\u0151l.K\u00f3rh\u00e1z,11(7\/8), 30-31<\/li><\/ul><p>\u200b<\/p><ul><li>Boncz, I., D\u00f3zsa, Cs., Sebesty\u00e9n, A., Gul\u00e1csi, L. [2004]. A profit\u00e9rdekelt v\u00e1llalkoz\u00e1sok \u00e9s a nonprofit szektor r\u00e9szesed\u00e9se az eg\u00e9szs\u00e9gbiztos\u00edt\u00e1si forr\u00e1sokb\u00f3l.Orvosi Hetilap, 145(34), 1757-1757<\/li><\/ul><p>\u200b<\/p><ul><li>Sebesty\u00e9n, A., Boncz, I., D\u00f3zsa, Cs., Ny\u00e1r\u00e1dy, J. [2004]. Trochantert\u00e1ji t\u00f6r\u00e9sek ell\u00e1t\u00e1s\u00e1nak k\u00f6lts\u00e9gvizsg\u00e1lata a m\u0171t\u00e9ti elj\u00e1r\u00e1sok \u00e9s a progressz\u00edv ell\u00e1t\u00e1si szintek szerint finansz\u00edroz\u00f3i szemsz\u00f6gb\u0151l.Orvosi Hetilap, 145(21), 115-1121<\/li><\/ul><p>\u200b<\/p><ul><li>Boncz, I., Horv\u00e1th, \u00c1., J\u00f3n\u00e1sn\u00e9 Katona, K., D\u00f3zsa, Cs.[2004]. Az ir\u00e1ny\u00edtott betegell\u00e1t\u00e1si rendszer fejl\u0151d\u00e9se \u00e9s m\u0171k\u00f6d\u00e9se. Lege Artis Medicinae,14(6), 448-449<\/li><\/ul><p>\u200b<\/p><ul><li>Boncz, I., S\u00e1ndor, J., Ol\u00e1h, A., Betlehem, J., Sebesty\u00e9n, A., Kisbenedekn\u00e9, Guly\u00e1s K., D\u00f3zsa, Cs.[2004]. Az otthoni szak\u00e1pol\u00e1s ig\u00e9nybev\u00e9tel\u00e9nek ter\u00fcleti egyenl\u0151tlens\u00e9gei a d\u00e9l-dun\u00e1nt\u00fali t\u00e9rs\u00e9gben. Lege Artis Medicinae,14( 1), 47-52<\/li><\/ul><p>\u200b<\/p><ul><li>Boncz, I., Sebesty\u00e9n, A., D\u00f3zsa, Cs., P\u00e1l, M., S\u00e1ndor, J., Pal\u00e1sti, J., Betlehem, J., Ember, I. [2004]. A colorectalis sz\u0171r\u00e9sek eg\u00e9szs\u00e9g-gazdas\u00e1gtani elemz\u00e9se.Magyar Onkol\u00f3gia, 48(2), 111-115<\/li><\/ul><p>\u200b<\/p><ul><li>Ol\u00e1h, A., S\u00e1ndor, J., Boncz, I., Betlehem, J., Sebesty\u00e9n, A., Kisbenedekn\u00e9 Guly\u00e1s, K., D\u00f3zsa, Cs.[2004]. Kist\u00e9rs\u00e9gi egyenl\u0151tlens\u00e9gek az otthoni szak\u00e1pol\u00e1s vonatkoz\u00e1s\u00e1ban a d\u00e9l-dun\u00e1nt\u00fali t\u00e9rs\u00e9gben. N\u0151v\u00e9r, 17(5), 17-26<\/li><\/ul><p>\u200b<\/p><ul><li>K\u00f6vi, R., Nagy, J., D\u00f3zsa, Cs.[2003]. Az ambul\u00e1ns HBCS kialak\u00edt\u00e1s\u00e1nak lehet\u0151s\u00e9gei. Informatika \u00e9s Menedzsment az Eg\u00e9szs\u00e9g\u00fcgyben (IME), 2(10), 5-9<\/li><\/ul><p>\u200b<\/p><ul><li>Boncz, I., Nagy, B., D\u00f3zsa, Cs.[2003]. Ir\u00e1ny\u00edtott Betegell\u00e1t\u00e1si Modell (IBM): a fejkv\u00f3tasz\u00e1m\u00edt\u00e1s szerepe \u00e9s m\u00f3dszertana. Informatika \u00e9s Menedzsment az Eg\u00e9szs\u00e9g\u00fcgyben (IME), 2(6), 19-22<\/li><\/ul><p>\u200b<\/p><ul><li>Boncz, I., Nagy, B., D\u00f3zsa, Cs.[2003]. Ir\u00e1ny\u00edtott Betegell\u00e1t\u00e1si Modell (IBM) II: managed care Nagy-Britanni\u00e1ban \u00e9s az eszk\u00f6zrendszer elemei. Informatika \u00e9s Menedzsment az Eg\u00e9szs\u00e9g\u00fcgyben (IME), 2(5), 10-13<\/li><\/ul><p>\u200b<\/p><ul><li>Boncz, I., Nagy, B., D\u00f3zsa, Cs.[2003]. Ir\u00e1ny\u00edtott Betegell\u00e1t\u00e1si Modell (IBM): a managed care helye a finansz\u00edroz\u00e1si rendszerben, alapelvek \u00e9s az Amerikai Egyes\u00fclt \u00c1llamok p\u00e9ld\u00e1ja. Informatika \u00e9s Menedzsment az Eg\u00e9szs\u00e9g\u00fcgyben (IME), 2(4), 15-21<\/li><\/ul><p>\u200b<\/p><ul><li>Sebesty\u00e9n, A., Boncz, I., D\u00f3zsa, Cs., P\u00e1l, M., B\u00e1n\u00f3czy, J. [2003]. Fog\u00e1szati prevent\u00edv vizsg\u00e1latok Magyarorsz\u00e1gon.Informatika \u00e9s Menedzsment az Eg\u00e9szs\u00e9g\u00fcgyben (IME), 2(3), 15-22<\/li><\/ul><p>\u200b<\/p><ul><li>Gab\u00e1nyi, J., Boncz, I., D\u00f3zsa, Cs.[2003]. A francia eg\u00e9szs\u00e9g\u00fcgyi rendszer m\u0171k\u00f6d\u00e9se, k\u00fcl\u00f6n\u00f6s tekintettel a tart\u00f3s ell\u00e1t\u00e1si form\u00e1k jellemz\u0151ire.Eg\u00e9szs\u00e9g\u00fcgyi Gazdas\u00e1gi Szemle, 41(6), 5-8.<\/li><\/ul><p>\u200b<\/p><ul><li>Boncz, I., Gab\u00e1nyi, J., Sebesty\u00e9n, A., Betlehem, J., Gul\u00e1csi, L., D\u00f3zsa Cs. [2003]. Hossz\u00fa idej\u0171 ell\u00e1t\u00e1s \u00e9s \u00e1pol\u00e1sbiztos\u00edt\u00e1s Hollandi\u00e1ban.Eg\u00e9szs\u00e9g\u00fcgyi Menedzsment,5(3), 62-67<\/li><\/ul><p>\u200b<\/p><ul><li>Boncz, I., D\u00f3zsa, Cs., Kiss, J., Kiss, Zs. [2003]. A fix d\u00edjas (input) finansz\u00edroz\u00e1s r\u00e9szleges alkalmaz\u00e1s\u00e1nak lehet\u0151s\u00e9gei: tapasztalatok a HBCS-finansz\u00edroz\u00e1s alapj\u00e1n: 2. r.K\u00f3rh\u00e1z, 10(11), 12-13<\/li><\/ul><p>\u200b<\/p><ul><li>Boncz, I., D\u00f3zsa, Cs., Kiss, J., Kiss, Zs. [2003]. A fix d\u00edjas (input) finansz\u00edroz\u00e1s r\u00e9szleges alkalmaz\u00e1s\u00e1nak lehet\u0151s\u00e9gei: tapasztalatok a HBCS-finansz\u00edroz\u00e1s alapj\u00e1n.K\u00f3rh\u00e1z, 10(10), 14-15<\/li><\/ul><p>\u200b<\/p><ul><li>Csed\u0151, Z., Nagy, B., Dob\u00e1k, M., D\u00f3zsa , Cs., Gul\u00e1csi, L. [2003]. \u00daj modellek a modellben: fels\u0151 vezet\u0151i kih\u00edv\u00e1sok az ir\u00e1ny\u00edtott betegell\u00e1t\u00e1si modell t\u00fckr\u00e9ben.Orvosi Hetilap, 144(23), 1135-1143<\/li><\/ul><p>\u200b<\/p><ul><li>Boncz, I., Sebesty\u00e9n, A., Gul\u00e1csi, L., P\u00e1l, M., D\u00f3zsa, Cs.[2003]. Az eml\u0151r\u00e1ksz\u0171r\u00e9sek eg\u00e9szs\u00e9g-gazdas\u00e1gtani elemz\u00e9se. Magyar Onkol\u00f3gia,47(2), 149-154<\/li><\/ul><p>\u200b<\/p><ul><li>Boncz, I., Sebesty\u00e9n, A., P\u00e1l, M., D\u00f3zsa, Cs.[2002]. Az eml\u0151sz\u0171r\u00e9sek \u00e9rt\u00e9kel\u00e9se eg\u00e9szs\u00e9gbiztos\u00edt\u00e1si oldalr\u00f3l. Informatika \u00e9s Menedzsment az Eg\u00e9szs\u00e9g\u00fcgyben (IME), 1(5), 12-15<\/li><\/ul><p>\u200b<\/p><ul><li>Nagy, B., D\u00f3zsa, Cs.[2002]. Az ir\u00e1ny\u00edtott betegell\u00e1t\u00e1si program tapasztalatai \u00e9s a tov\u00e1bbfejleszt\u00e9s lehet\u0151s\u00e9gei. Eg\u00e9szs\u00e9g\u00fcgyi Gazdas\u00e1gi Szemle, 40(4), 479-332<\/li><\/ul><p>\u200b<\/p><ul><li>Szende, \u00c1., D\u00f3zsa, Cs., Janky, B., Sz\u00edv\u00f3s, P. [2002]. A magyar eg\u00e9szs\u00e9g\u00fcgy finansz\u00edroz\u00e1s\u00e1nak tehermegoszl\u00e1sa.Eg\u00e9szs\u00e9g\u00fcgyi Gazdas\u00e1gi Szemle,40(3), 273-291<\/li><\/ul><p>\u200b<\/p><ul><li>Nagy, B., D\u00f3zsa, Cs.[2002]. Az ir\u00e1ny\u00edtott betegell\u00e1t\u00e1si modellk\u00eds\u00e9rlet tapasztalatai. Eg\u00e9szs\u00e9g\u00fcgyi Menedzsment, 4(4) 55-60<\/li><\/ul><p>\u200b<\/p><ul><li>Gul\u00e1csi, L, D\u00e1vid, T, D\u00f3zsa, Cs.[2002]. Pricing and reimbursement of drugs and medical devices in Hungary. Eur J Health Econ, 3(4), 271-278<\/li><\/ul><p>\u200b<\/p><ul><li>Szende, \u00c1., Mogyor\u00f3sy, Z., Muszbek, N., Nagy, J., Pallos, G., D\u00f3zsa, Cs.[2002]. Methodological guidelines for conducting economic evaluation of healthcare interventions in Hungary: a Hungarian proposal for methodology standards.Eur J Health Econ, 3(3), 196-202<\/li><\/ul><p>\u200b<\/p><ul><li>Boncz, I., D\u00f3zsa, Cs.[2002]. Az eg\u00e9szs\u00e9gbiztos\u00edt\u00e1si \u00e9s eg\u00e9szs\u00e9gfinansz\u00edroz\u00e1si rendszer v\u00e1ltoz\u00e1sai 1992-2002. MOTESZ Magazin, (6), 52-55<\/li><\/ul><p>\u200b<\/p><ul><li>Boncz, I., Sebesty\u00e9n, A., D\u00e1vid, T., Bidl\u00f3, J., D\u00f3zsa, Cs.[2002]. Normat\u00edv (HBCS szerinti) \u00e9s t\u00e9nyleges k\u00f3rh\u00e1zi gy\u00f3gyszerk\u00f6lts\u00e9g az akt\u00edv fekv\u0151beteg szakell\u00e1t\u00e1sban. Gy\u00f3gyszer\u00e9szet, 46(5), 543-546<\/li><\/ul><p>\u200b<\/p><ul><li>B\u00e1n\u00f3czy, J., Dombi, Cs., D\u00f3zsa, Cs., et al. [2001]. Rizik\u00f3t\u00e9nyez\u0151k a sz\u00e1j\u00fcregi daganatok kialakul\u00e1s\u00e1ban: a 2001. m\u00e1rcius 24-\u00e9n a Semmelweis Egyetemen tartott symposium-munka\u00e9rtekezlet aj\u00e1nl\u00e1sai.Magyar Onkol\u00f3gia,45(2), 158-159<\/li><\/ul><p>\u200b<\/p><ul><li>Donk\u00e1n\u00e9 Verebes, \u00c9., D\u00f3zsa, Cs.[1999]. Az ir\u00e1ny\u00edtott betegell\u00e1t\u00e1s modellk\u00eds\u00e9rlet kezdeti tapasztalatai \u00e9s a tov\u00e1bbl\u00e9p\u00e9s lehet\u0151s\u00e9ge.Eg\u00e9szs\u00e9g\u00fcgyi Menedzsment, 1(1), 41-45<\/li><\/ul><\/div>\n\t\t\t\t<\/div>\n\t\t\t\t\t\t\t<div class=\"elementor-toggle-item\">\n\t\t\t\t\t<h5 id=\"elementor-tab-title-1013\" class=\"elementor-tab-title\" data-tab=\"3\" role=\"button\" aria-controls=\"elementor-tab-content-1013\" aria-expanded=\"false\">\n\t\t\t\t\t\t\t\t\t\t\t\t<span class=\"elementor-toggle-icon elementor-toggle-icon-right\" aria-hidden=\"true\">\n\t\t\t\t\t\t\t\t\t\t\t\t\t\t\t<span class=\"elementor-toggle-icon-closed\"><svg xmlns=\"http:\/\/www.w3.org\/2000\/svg\" viewbox=\"0 0 12 14\"><path fill-rule=\"evenodd\" clip-rule=\"evenodd\" d=\"M11.304 8.757 6.53 13.53a.75.75 0 0 1-1.06 0L.696 8.757a.75.75 0 1 1 1.06-1.06l3.493 3.492V0h1.5v11.19l3.493-3.493a.75.75 0 0 1 1.06 1.06Z\"><\/path><\/svg><\/span>\n\t\t\t\t\t\t\t\t<span class=\"elementor-toggle-icon-opened\"><svg xmlns=\"http:\/\/www.w3.org\/2000\/svg\" viewbox=\"0 0 12 14\"><path fill-rule=\"evenodd\" clip-rule=\"evenodd\" d=\"M.22 4.993 4.993.22a.75.75 0 0 1 1.06 0l4.773 4.773a.75.75 0 1 1-1.06 1.06L6.273 2.561V13.75h-1.5V2.56L1.28 6.054a.75.75 0 0 1-1.06-1.06Z\"><\/path><\/svg><\/span>\n\t\t\t\t\t\t\t\t\t\t\t\t\t<\/span>\n\t\t\t\t\t\t\t\t\t\t\t\t<a class=\"elementor-toggle-title\" tabindex=\"0\">Citable journal abstracts<\/a>\n\t\t\t\t\t<\/h5>\n\n\t\t\t\t\t<div id=\"elementor-tab-content-1013\" class=\"elementor-tab-content elementor-clearfix\" data-tab=\"3\" role=\"region\" aria-labelledby=\"elementor-tab-title-1013\"><p>ELS\u0150 SZERZ\u0150<\/p><ul><li>Cseh, B., Balogh, Z., Tak\u00e1cs, J., T\u00fari, G., &amp; D\u00f3zsa, C. L. (2024). Organizational development and<br \/>management factors involved in the prevention and effective therapy of pressure ulcers: The results of<br \/>the national survey conducted among Hungarian public hospitals. INTERNATIONAL WOUND<br \/>JOURNAL, 21(1). http:\/\/doi.org\/10.1111\/iwj.14655<\/li><\/ul><p>\u00a0<\/p><ul><li>D\u00f3zsa, Cs., Szab\u00f3, E., D\u00f3zsa, K., T\u00f3th, M., Cseh, B.(2021) Comparative analysis of GP\u2019s Practice Community models: to find the best way. 16th EUROPEAN FORUM FOR PRIMARY CARE (EFPC) Conference, September 6.<\/li><\/ul><p>\u200b<\/p><ul><li>D\u00f3zsa, Cs., Cseh, B. (2019) The improving Group Practice model in project management aspects in Hungary.\u00a0 14th EUROPEAN FORUM FOR PRIMARY CARE (EFPC) Conference, in Paris, 2019 30. September \u2013 1st October.<\/li><\/ul><p>\u200b<\/p><ul><li>D\u00f3zsa, Cs., Herczeg, A., K\u00f6vi, R. (2018) IMPACT OF MINIMALLY INVASIVE TREATMENTS FOR PERIPHERAL ARTERY DISEASE IN HUNGARY. ISPOR 21th Annual European Congress Barcelona, 2018. 9-10 November.<\/li><\/ul><p>\u200b<\/p><ul><li>Cs D\u00f3zsa, Z M\u00e9szner, L P\u00e1tri, A Benedek, J Kalmar, TJ Weiss, J Kyle, VJ Daniels, LJ Wolfson, The Costs and Benefits of Varicella Vaccination in Hungary (2017) World Society for Pediatric Infectious Disease (WSPID): 10th Conference; Shenzen, China; 2-5 December, poszter.<\/li><\/ul><p>\u200b<\/p><ul><li>D\u00f3zsa, Cs., Ill\u00e9s, L., Jankus, K. (2017) Structural Change in the Hungarian Health Care System. ISPOR 20th Annual European Congress, Glasgow, 2017. 8-9th November.<\/li><\/ul><p>\u200b<\/p><ul><li>D\u00f3zsa, Cs., Malbaski, N., Borcsek, B. (2015) Cost-Efectiveness Analysis of Capsule Endoscopy Using for Diagnosing Small-Bowell Crohn\u2019s Diesase. ISPOR 18th Annual European Congress, Milano, 2015. 7-11. November.<\/li><\/ul><p>\u200b<\/p><ul><li>D\u00f3zsa, Cs., Cseh, B., Borcsek, B. (2015) Analysis of nursing activities and health care need in residential social care institutions in Hungary. ISPOR 18th Annual European Congress, Milano, 2015. 7-11. November.<\/li><\/ul><p>\u200b<\/p><ul><li>D\u00f3zsa, Cs., Borb\u00e1s, F. (2015) The process of strengthening of primary care in Hungary. 6th EFPC Conference in Amsterdam, 31st August 1st September 2015.<\/li><\/ul><p>\u200b<\/p><ul><li>D\u00f3zsa, Cs., Kal\u00f3, Z., Nagy, L., Borcsek, B., Brandtm\u00fcller, \u00c1., Betlehem, J., Sebesty\u00e9n, A., Gul\u00e1csi, L. [2006]. Development of health economics in Hungary between 1990-2006.Eur J Health Econom, 7(S1 \u2013 6th<\/li><\/ul><p>\u200b<\/p><ul><li>European Conference on Health Economics \u201cHealth economics without frontiers\u201d July 6-9, 2006 \u2013 Budapest, Hungary, Abstracts):4-6<\/li><\/ul><p>\u200b<\/p><ul><li>D\u00f3zsa, Cs., Nagy, J., Sebesty\u00e9n, A., K\u00f6vi, R.., Borcsek, B., Boncz, I. [2006]. Turning the uniform DRG base-rate into a volumecontrol contract in the Hungarian DRG system.Eur J Health Econom, 7(S1 \u2013 6th European Conference on Health Economics \u201cHealth economics without frontiers\u201d July 6-9, 2006 \u2013 Budapest, Hungary, Abstracts):31<\/li><\/ul><p>\u200b<\/p><ul><li>D\u00f3zsa Cs, Borcsek, B., Boncz, I., et al. [2005]. Experiences of Adoption of the Directive 89\/105\/EEC of the Council of the European Communities on Transparency in Hungary.Italian Journal of Public Health, 3(S1 \u2013 Health Technology Assessment International (HTAi) Annual Meeting, Italy, Rome, 20-22 June 2005):139<\/li><\/ul><p>\u200b<\/p><ul><li>D\u00f3zsa, Cs., Morvai, T., Borcsek, B., Varga, J., Szalai, K. [2005]. The integrated development of the complex hospice-palliative care in in-patient and home care in Hungary \u2014 The pilot program of the National Health Insurance Fund.European Journal of Palliative Care, Abstracts of the 9th -Congress of the European Association for Palliative Care (EAPC), Aachen, Germany, 8-10 April 2005:113<\/li><\/ul><p>\u200b\u200b<\/p><p>T\u00c1RSSZERZ\u0150<\/p><ul><li>\u200b\u200bBoncz, I., Evetovits, T., D\u00f3zsa, Cs.,Sebesty\u00e9n, A., Gul\u00e1csi, L., \u00c1goston, i., Endrei, D., Cs\u00e1kv\u00e1ri, T., Getzen, TE., [2015]. The Hungarian Care Managing Organization Pilot Program. Value in Health Regional Issues, 7: 27\u201333. 7 old.<\/li><\/ul><p>\u200b<\/p><ul><li>Gyenes, M., D\u00f3zsa, Cs., Eaton, K.A. [2006]. A pilot of innovative approaches to group at risk of oral disease in Hungary.Community Dental Health 23(3) (The 11th Annual Conference of The European Association of Denatl Public Health, 7-9 September Prague, Czech Republic: Scientific Abstracts)<\/li><\/ul><p>\u200b<\/p><ul><li>Boncz, I., Sebesty\u00e9n, A., Betlehem, J., Ol\u00e1h, A., D\u00f3zsa, Cs., Gul\u00e1csi, L. [2006]. Introduction of health economics into decision making on public health interventions.Eur J Health Econom, 7(S1 \u2013 6th European Conference on Health Economics \u201cHealth economics without frontiers\u201d July 6-9, 2006 \u2013 Budapest, Hungary, Abstracts):20<\/li><\/ul><p>\u200b<\/p><ul><li>Borcsek, B., D\u00f3zsa, Cs., Boncz, I., Nagy, J., Daubner, M., Rupnik, E., Ilku, L, Lakatosn\u00e9 Kov\u00e1cs, A. [2006]. Striving after the general extension of the transparent coverage policy system \u2013 transformation of coverage system over medical devices.Eur J Health Econom, 7(S1 \u2013 6th European Conference on Health Economics \u201cHealth economics without frontiers\u201d July 6-9, 2006 \u2013 Budapest, Hungary, Abstracts):20<\/li><\/ul><p>\u200b<\/p><ul><li>Falusi, Zs., Boncz, I., Nagy, B., Sebesty\u00e9n, A., K\u00f3ti, T., D\u00f3zsa, Cs.[2006]. Savings in the Hungarian managed care pilot programme between 1999-2004. Eur J Health Econom, 7(S1 \u2013 6th European Conference on Health Economics \u201cHealth economics without frontiers\u201d July 6-9, 2006 \u2013 Budapest, Hungary, Abstracts):34<\/li><\/ul><p>\u200b<\/p><ul><li>Nagy J., D\u00f3zsa, Cs., Boncz, I., Borcsek, B. [2006]. DRGs in focus of reimbursement of acute hospital care \u2013 Hungarian experiences.Eur J Health Econom, 7(S1 \u2013 6th European Conference on Health Economics \u201cHealth economics without frontiers\u201d July 6-9, 2006 \u2013 Budapest, Hungary, Abstracts):72<\/li><\/ul><p>\u200b<\/p><ul><li>Betlehem, J., Ol\u00e1h, A., Boncz, I., Sebesty\u00e9n, A., D\u00f3zsa, Cs., [2006]. Geographical Information system (GIS) analysis of small area inequalities in home care expenditures in Hungary.Eur J Health Econom,7(S1 \u2013 6th European Conference on Health Economics \u201cHealth economics without frontiers\u201d July 6-9, 2006 \u2013 Budapest, Hungary, Abstracts):108<\/li><\/ul><p>\u200b<\/p><ul><li>Gyenes, M., D\u00f3zsa, Cs., Bal\u00e1zs, P. [2006]. Oral health Prevention plan of the National Health Insurance Fund in Hungary.Eur J Health Econom,7(S1 \u2013 6th European Conference on Health Economics \u201cHealth economics without frontiers\u201d July 6-9, 2006 \u2013 Budapest, Hungary, Abstracts):117<\/li><\/ul><p>\u200b<\/p><ul><li>Borcsek, B., Boncz, I., D\u00f3zsa, Cs., Nagy, J., Reszegi, Cs. A. [2005]. The Systematic literature review of the gamma knife.Italian Journal of Public Health, 3(S1 \u2013 Health Technology Assessment International (HTAi) Annual Meeting, Italy, Rome, 20-22 June 2005):178<\/li><\/ul><p>\u200b<\/p><ul><li>Boncz, I., Sebesty\u00e9n, A., D\u00f3zsa, Cs., Hoffer, G., Ember, I. [2004]. A szervezett lakoss\u00e1gi eml\u0151sz\u0171r\u00e9sek r\u00e9szv\u00e9teli ar\u00e1nyai (2002-2003).Magyar Onkol\u00f3gia,48(3S):3.<\/li><\/ul><p>\u200b<\/p><ul><li>Boncz, I., Sebesty\u00e9n, A., Hoffer, G., D\u00f3zsa, Cs., Ember, I. [2004]. A 2002. \u00e9vi szervezett lakoss\u00e1gi eml\u0151sz\u0171r\u00e9sek ut\u00e1nk\u00f6vet\u00e9s\u00e9nek eredm\u00e9nyei.Magyar Onkol\u00f3gia, 48(3S):25.<\/li><\/ul><p>\u200b<\/p><ul><li>Muszbek, K., D\u00f3zsa, Cs., Heged\u0171s, K., Sz\u00f6ll\u0151si, M. [2004]. A palliat\u00edv ell\u00e1t\u00e1s integr\u00e1ci\u00f3ja az eg\u00e9szs\u00e9g\u00fcgybe.Magyar Onkol\u00f3gia, 48(3S):41.<\/li><\/ul><p>\u200b<\/p><ul><li>Sebesty\u00e9n, A., Boncz, I., T\u00f3th, F., D\u00f3zsa, Cs., Ny\u00e1r\u00e1dy, J. [2004]. Analysis of replantations from professional and health-economics point of view.Magyar traumatol\u00f3gia, ortop\u00e9dia, k\u00e9zseb\u00e9szet \u00e9s plasztikai seb\u00e9szet, 47(S2):316.<\/li><\/ul><p>\u200b<\/p><ul><li>Boncz, I., Sebesty\u00e9n, A., D\u00f3zsa Cs., P\u00e1l, M., Ny\u00e1r\u00e1dy, J. [2004]. The effect of the implementation of Diagnosis Related Groups (DRGs) on trauma care in Hungary.Eur J Trauma, 30(S1):180-181.<\/li><\/ul><p>\u200b<\/p><ul><li>Sebesty\u00e9n, A., Boncz, I., D\u00f3zsa, Cs., T\u00f3th, F., Ny\u00e1r\u00e1dy, J. [2004]. Analysis of femur neck fracture in Hungary from professional, public health and health economics point of view.Eur J Trauma, 30(S1):174.<\/li><\/ul><p>\u200b<\/p><ul><li>Boncz, I., Hoffer, G., Sebesty\u00e9n, A., D\u00f3zsa, Cs., S\u00e1ndor, J. [2004]. Clinical and financial outcomes of the Hungarian organized breast cancer screening program.Eur J Surg Oncol, 30(2):141.<\/li><\/ul><p>\u200b<\/p><ul><li>Sebesty\u00e9n, A., Boncz, I., S\u00e1ndor, J., D\u00f3zsa, Cs., Ny\u00e1r\u00e1dy, J. [2003]. Combnyakt\u00f6r\u00e9sek primer ell\u00e1t\u00e1s\u00e1t k\u00f6vet\u0151 hal\u00e1loz\u00e1sok \u00e9rt\u00e9kel\u00e9se Magyarorsz\u00e1gon.Ca \u00e9s csont \u2013 A kalcium-\u00e9s csontanyagcsere patofiziol\u00f3gi\u00e1ja \u00e9s betegs\u00e9gei, 7(1):10-11.<\/li><\/ul><p>\u200b<\/p><ul><li>Sebesty\u00e9n, A., Boncz, I., P\u00e1l, M., D\u00f3zsa, Cs.[2003]. Connection between the stadium of breast cancer and the health insurance cost of treatment on three years follow-up. Eur J Cancer, 1(3): S16.<\/li><\/ul><\/div>\n\t\t\t\t<\/div>\n\t\t\t\t\t\t\t\t<\/div>\n\t\t\t\t<\/div>\n\t\t\t\t<\/div>\n\t\t\t\t<\/div>\n\t\t\t\t\t<\/div>\n\t\t\t\t<\/div>\n\t\t<div class=\"elementor-element elementor-element-412965b e-flex e-con-boxed e-con e-parent\" data-id=\"412965b\" data-element_type=\"container\">\n\t\t\t\t\t<div class=\"e-con-inner\">\n\t\t<div class=\"elementor-element elementor-element-3b82444 e-con-full e-flex e-con e-child\" data-id=\"3b82444\" data-element_type=\"container\" data-settings=\"{&quot;background_background&quot;:&quot;classic&quot;}\">\n\t\t<div class=\"elementor-element elementor-element-ed66e39 e-con-full e-flex e-con e-child\" data-id=\"ed66e39\" data-element_type=\"container\">\n\t\t\t\t<div class=\"elementor-element elementor-element-f165324 elementor-invisible elementor-widget elementor-widget-heading\" data-id=\"f165324\" data-element_type=\"widget\" data-settings=\"{&quot;_animation&quot;:&quot;fadeIn&quot;}\" data-widget_type=\"heading.default\">\n\t\t\t\t<div class=\"elementor-widget-container\">\n\t\t\t<h2 class=\"elementor-heading-title elementor-size-default\">Ready to boost <br> your business today?<\/h2>\t\t<\/div>\n\t\t\t\t<\/div>\n\t\t\t\t<div class=\"elementor-element elementor-element-28e8086 elementor-invisible elementor-widget elementor-widget-text-editor\" data-id=\"28e8086\" data-element_type=\"widget\" data-settings=\"{&quot;_animation&quot;:&quot;fadeIn&quot;,&quot;_animation_delay&quot;:300}\" data-widget_type=\"text-editor.default\">\n\t\t\t\t<div class=\"elementor-widget-container\">\n\t\t\t\t\t\t\t<p>Contact us for further information and let us and know how we could be of service\u00a0<\/p>\t\t\t\t\t\t<\/div>\n\t\t\t\t<\/div>\n\t\t\t\t<div class=\"elementor-element elementor-element-cb42c42 elementor-align-justify elementor-widget__width-initial elementor-invisible elementor-widget elementor-widget-button\" data-id=\"cb42c42\" data-element_type=\"widget\" data-settings=\"{&quot;_animation&quot;:&quot;fadeIn&quot;,&quot;_animation_delay&quot;:600}\" data-widget_type=\"button.default\">\n\t\t\t\t<div class=\"elementor-widget-container\">\n\t\t\t\t\t<div class=\"elementor-button-wrapper\">\n\t\t\t<a class=\"elementor-button elementor-button-link elementor-size-sm\" href=\"https:\/\/med-econ.eu\/en\/kapcsolat\/\">\n\t\t\t\t\t\t<span class=\"elementor-button-content-wrapper\">\n\t\t\t\t\t\t\t\t\t<span class=\"elementor-button-text\">Contact<\/span>\n\t\t\t\t\t<\/span>\n\t\t\t\t\t<\/a>\n\t\t<\/div>\n\t\t\t\t<\/div>\n\t\t\t\t<\/div>\n\t\t\t\t<\/div>\n\t\t<div class=\"elementor-element elementor-element-ecc361f e-con-full e-flex e-con e-child\" data-id=\"ecc361f\" data-element_type=\"container\" data-settings=\"{&quot;background_background&quot;:&quot;classic&quot;}\">\n\t\t\t\t<\/div>\n\t\t\t\t<\/div>\n\t\t\t\t\t<\/div>\n\t\t\t\t<\/div>\n\t\t\t\t<\/div>","protected":false},"excerpt":{"rendered":"<p>Referenci\u00e1k Minden, ami innov\u00e1ci\u00f3 az eg\u00e9szs\u00e9g\u00fcgyben Partner 0 + Elnyert \u00f6sszeg milli\u00e1rd p\u00e1ly\u00e1zat + + Referencia Eur\u00f3pai Uni\u00f3s \u00e9s hazai p\u00e1ly\u00e1zatok 2024. m\u00e1jus \u2013 j\u00falius Procareful projekt, Interreg Central Europe D2.1.3 &#8211; Report for procareful Model Dissemination \u2013 disszemin\u00e1ci\u00f3 \u00e9s kommunik\u00e1ci\u00f3s terv kidolgoz\u00e1sa. Procareful project: ICT platforms development for Elderly people. \u00a0 2023. okt\u00f3ber \u2013 [&hellip;]<\/p>","protected":false},"author":1,"featured_media":0,"parent":0,"menu_order":0,"comment_status":"closed","ping_status":"closed","template":"elementor_header_footer","meta":{"_seopress_robots_primary_cat":"","_seopress_titles_title":"%%post_title%% - Med-Econ Consulting","_seopress_titles_desc":"Nemzetk\u00f6zi \u00e9s hazai referenci\u00e1k, szak\u00e9rt\u0151i munk\u00e1k \u00e9s p\u00e1ly\u00e1zatok. Szakmai publik\u00e1ci\u00f3k \u00e9s foly\u00f3irati k\u00f6zlem\u00e9nyek.","_seopress_robots_index":"","footnotes":""},"class_list":["post-168","page","type-page","status-publish","hentry"],"_links":{"self":[{"href":"https:\/\/med-econ.eu\/en\/wp-json\/wp\/v2\/pages\/168","targetHints":{"allow":["GET"]}}],"collection":[{"href":"https:\/\/med-econ.eu\/en\/wp-json\/wp\/v2\/pages"}],"about":[{"href":"https:\/\/med-econ.eu\/en\/wp-json\/wp\/v2\/types\/page"}],"author":[{"embeddable":true,"href":"https:\/\/med-econ.eu\/en\/wp-json\/wp\/v2\/users\/1"}],"replies":[{"embeddable":true,"href":"https:\/\/med-econ.eu\/en\/wp-json\/wp\/v2\/comments?post=168"}],"version-history":[{"count":119,"href":"https:\/\/med-econ.eu\/en\/wp-json\/wp\/v2\/pages\/168\/revisions"}],"predecessor-version":[{"id":1026,"href":"https:\/\/med-econ.eu\/en\/wp-json\/wp\/v2\/pages\/168\/revisions\/1026"}],"wp:attachment":[{"href":"https:\/\/med-econ.eu\/en\/wp-json\/wp\/v2\/media?parent=168"}],"curies":[{"name":"wp","href":"https:\/\/api.w.org\/{rel}","templated":true}]}}